{"id":550,"date":"2020-10-10T15:05:04","date_gmt":"2020-10-10T13:05:04","guid":{"rendered":"http:\/\/www.alda.eus\/?page_id=550"},"modified":"2025-07-31T20:54:40","modified_gmt":"2025-07-31T18:54:40","slug":"alda-proiektua","status":"publish","type":"page","link":"https:\/\/www.alda.eus\/eu\/alda-proiektua\/","title":{"rendered":"Alda proiektua"},"content":{"rendered":"<p>[et_pb_section fb_built=&#8221;1&#8243; admin_label=&#8221;Section &#8211; Header&#8221; _builder_version=&#8221;4.6.5&#8243; custom_padding=&#8221;0px||1px|||&#8221;][et_pb_row _builder_version=&#8221;4.4.2&#8243; width=&#8221;100%&#8221; max_width=&#8221;2560px&#8221; custom_padding=&#8221;2px||0px|||&#8221;][et_pb_column type=&#8221;4_4&#8243; _builder_version=&#8221;4.4.2&#8243;][et_pb_image src=&#8221;https:\/\/www.alda.eus\/wp-content\/uploads\/2020\/10\/Alda_elkarrekin-scaled.jpg&#8221; title_text=&#8221;Alda_elkarrekin&#8221; _builder_version=&#8221;4.6.5&#8243;][\/et_pb_image][\/et_pb_column][\/et_pb_row][\/et_pb_section][et_pb_section fb_built=&#8221;1&#8243; admin_label=&#8221;Section grise &#8211; L&#8217;ESSENTIEL&#8221; _builder_version=&#8221;4.6.5&#8243; background_color=&#8221;#ededed&#8221; min_height=&#8221;139px&#8221; custom_margin=&#8221;|0px||0px|false|false&#8221; custom_padding=&#8221;0px|0px|0px|0px|false|false&#8221;][et_pb_row column_structure=&#8221;1_5,3_5,1_5&#8243; _builder_version=&#8221;4.6.5&#8243; width=&#8221;100%&#8221; max_width=&#8221;2560px&#8221; min_height=&#8221;160px&#8221; custom_margin=&#8221;-1px|auto||auto|false|false&#8221; custom_padding=&#8221;0px|0px|0px|0px|false|false&#8221;][et_pb_column type=&#8221;1_5&#8243; _builder_version=&#8221;4.4.2&#8243;][\/et_pb_column][et_pb_column type=&#8221;3_5&#8243; _builder_version=&#8221;4.4.2&#8243;][et_pb_text _builder_version=&#8221;4.6.5&#8243; min_height=&#8221;114px&#8221; custom_margin=&#8221;0px||0px||false|false&#8221; custom_padding=&#8221;50px||50px||false|false&#8221;]<\/p>\n<h1 class=\"p1\" style=\"text-align: center;\">Alda: funtsezkoena<\/h1>\n<p class=\"p1\">2020ko udazkenean sortua, Alda jendarte herrikoietako jendetza, familia eta pertsonen interes eta xedeak defendatzen dituen elkartea da.<\/p>\n<p class=\"p1\">Sakonki errotua lurraldean, Alda elkartea beren eskubideen defendatzeko antolatu nahi dutenei zuzentzen da. Irabazi eta laguntza nahikoentzat, eskuragarriak, sanoak, ongi isolatuak diren etxebizitzentzat, babestuak eta ongi bizitzeko egokiak diren auzo eta ingurumenarentzat, kalitatezko zerbitzu publikoentzat, enpleguen lortzeko ber sarbideentzat, bai eta ere osagarri, elikadura sano eta tokikoa, hezkuntza, kultura, kirol, mugikortasun eta aisaldientzat, eta, kontsumitzaile eta erabiltzaile eskubideentzat: Aldaren helburua, jendeei beren ahalaren berreskuratzea ahalbidetzea da, eta beren bozaren entzunaraztea.<\/p>\n<p class=\"p1\">Botere publiko eta politiko orotarik independentea den Aldak munduan zehar eta Euskal Herrian iragan borroketarik inspiraturiko bortizkeriarik gabeko ekintza moldeak erabiltzen ditu. Bere ibilmoldea herritarren antolakuntzan bakarrik finkatzen da, zeren Aldaren desafioa ideia gako baten gainean bermatzen da: elkarrekin, indar alimalea gira!<\/p>\n<p>[\/et_pb_text][\/et_pb_column][et_pb_column type=&#8221;1_5&#8243; _builder_version=&#8221;4.4.2&#8243;][\/et_pb_column][\/et_pb_row][\/et_pb_section][et_pb_section fb_built=&#8221;1&#8243; admin_label=&#8221;Section blanc &#8211; ALDA C&#8217;EST&#8221; _builder_version=&#8221;4.6.5&#8243; module_alignment=&#8221;center&#8221; min_height=&#8221;139px&#8221; custom_margin=&#8221;|0px|0px|0px|false|false&#8221; custom_padding=&#8221;0px|0px|0px|0px|false|false&#8221;][et_pb_row column_structure=&#8221;1_4,1_4,1_4,1_4&#8243; use_custom_gutter=&#8221;on&#8221; gutter_width=&#8221;2&#8243; make_equal=&#8221;on&#8221; _builder_version=&#8221;4.6.5&#8243; width=&#8221;100%&#8221; module_alignment=&#8221;center&#8221; custom_margin=&#8221;0px|0px||0px|false|false&#8221; custom_padding=&#8221;50px|0px||0px|false|false&#8221;][et_pb_column type=&#8221;1_4&#8243; _builder_version=&#8221;4.6.5&#8243; background_enable_color=&#8221;off&#8221; custom_padding=&#8221;2px||||false|false&#8221;][et_pb_text _builder_version=&#8221;4.6.5&#8243; _module_preset=&#8221;default&#8221;]<\/p>\n<h1>\u00a0<\/h1>\n<p>&nbsp;<\/p>\n<h1 class=\"p1\"><b>Alda zehazki <br \/>zer den: <\/b><\/h1>\n<p>[\/et_pb_text][\/et_pb_column][et_pb_column type=&#8221;1_4&#8243; _builder_version=&#8221;4.6.5&#8243; background_enable_color=&#8221;off&#8221;][et_pb_text admin_label=&#8221;Une enqu\u00eate&#8221; _builder_version=&#8221;4.6.5&#8243; custom_padding=&#8221;10px||||false|false&#8221;]<\/p>\n<h2><img class=\"wp-image-44 aligncenter\" src=\"https:\/\/www.alda.eus\/wp-content\/uploads\/2020\/10\/Alda_picto--300x300.png\" alt=\"\" width=\"100\" height=\"100\" \/><\/h2>\n<h2 class=\"p1\" style=\"text-align: center;\">Inkesta bat<\/h2>\n<p class=\"p1\" style=\"text-align: center;\">Hainbat hilabetez, elkarteko laguntzaileak biztanleen gana joanen dira, haien entzuteko eta haien arazo eta galdeen ezagutzeko.<\/p>\n<p>[\/et_pb_text][\/et_pb_column][et_pb_column type=&#8221;1_4&#8243; _builder_version=&#8221;4.6.5&#8243; background_enable_color=&#8221;off&#8221;][et_pb_text admin_label=&#8221;Des actions concr\u00e8tes &#8221; _builder_version=&#8221;4.6.5&#8243; custom_padding=&#8221;10px||||false|false&#8221;]<\/p>\n<h2><img class=\"aligncenter wp-image-45\" src=\"https:\/\/www.alda.eus\/wp-content\/uploads\/2020\/10\/Alda_picto-2-300x300.png\" alt=\"\" width=\"100\" height=\"100\" \/><\/h2>\n<h2 class=\"p1\" style=\"text-align: center;\">Ekintza zehatzak<\/h2>\n<p class=\"p1\" style=\"text-align: center;\">Hainbat pertsona ber injustiziataz hunkituak direlarik, kolektiboki antolatzen gira, egoera alda dadin.<\/p>\n<p>[\/et_pb_text][\/et_pb_column][et_pb_column type=&#8221;1_4&#8243; _builder_version=&#8221;4.6.5&#8243; background_enable_color=&#8221;off&#8221;][et_pb_text admin_label=&#8221;Des organisateurs&#8221; _builder_version=&#8221;4.6.5&#8243; custom_padding=&#8221;10px||||false|false&#8221;]<\/p>\n<h2><img class=\"aligncenter wp-image-46\" src=\"https:\/\/www.alda.eus\/wp-content\/uploads\/2020\/10\/Alda_picto-3-300x300.png\" alt=\"\" width=\"100\" height=\"100\" \/><\/h2>\n<h2 class=\"p1\" style=\"text-align: center;\">Antolatzaileak<\/h2>\n<p class=\"p1\" style=\"text-align: center;\">Gure laguntzeko eta antolatzeko prest, borroka baten eramaiten eta irabazten jakiteko, gure arazo eta galdeen ezagutarazteko komunikatzen jakiteko, bilkura eraginkorren animatzeko.<\/p>\n<p>[\/et_pb_text][\/et_pb_column][\/et_pb_row][et_pb_row column_structure=&#8221;1_4,1_4,1_4,1_4&#8243; use_custom_gutter=&#8221;on&#8221; gutter_width=&#8221;2&#8243; make_equal=&#8221;on&#8221; _builder_version=&#8221;4.6.5&#8243; width=&#8221;100%&#8221; module_alignment=&#8221;center&#8221; custom_margin=&#8221;0px|0px||0px|false|false&#8221; custom_padding=&#8221;0px|0px||0px|false|false&#8221;][et_pb_column type=&#8221;1_4&#8243; _builder_version=&#8221;4.6.5&#8243; background_enable_color=&#8221;off&#8221; custom_padding=&#8221;2px||||false|false&#8221;][et_pb_text admin_label=&#8221;Des avocats&#8221; _builder_version=&#8221;4.6.5&#8243; custom_padding=&#8221;10px||||false|false&#8221;]<\/p>\n<h2><img class=\"aligncenter wp-image-47\" src=\"https:\/\/www.alda.eus\/wp-content\/uploads\/2020\/10\/Alda_picto-4-300x300.png\" alt=\"\" width=\"100\" height=\"100\" \/><\/h2>\n<h2 class=\"p1\" style=\"text-align: center;\">Abokatuak<\/h2>\n<p class=\"p1\" style=\"text-align: center;\">Injustizia pairatzen duten biztanle kolektiboei arlo juridikoan beren defendatzeko edo atakatzeko ahala ukan dezaten.<\/p>\n<p>[\/et_pb_text][\/et_pb_column][et_pb_column type=&#8221;1_4&#8243; _builder_version=&#8221;4.6.5&#8243; background_enable_color=&#8221;off&#8221;][et_pb_text admin_label=&#8221;Un journal&#8221; _builder_version=&#8221;4.6.5&#8243; custom_padding=&#8221;10px||||false|false&#8221;]<\/p>\n<h2><img class=\"aligncenter wp-image-48\" src=\"https:\/\/www.alda.eus\/wp-content\/uploads\/2020\/10\/Alda_picto-5-300x300.png\" alt=\"\" width=\"100\" height=\"100\" \/><\/h2>\n<h2 class=\"p1\" style=\"text-align: center;\">Aldizkari bat<\/h2>\n<p class=\"p1\" style=\"text-align: center;\">Auzoetan urririk zabaldua, gure eguneroko arazoetaz eta haiei aterabideak atxemaiteko moldeetaz ari da.<\/p>\n<p>[\/et_pb_text][\/et_pb_column][et_pb_column type=&#8221;1_4&#8243; _builder_version=&#8221;4.6.5&#8243; background_enable_color=&#8221;off&#8221;][et_pb_text admin_label=&#8221;Des formations&#8221; _builder_version=&#8221;4.6.5&#8243; custom_padding=&#8221;10px||||false|false&#8221;]<\/p>\n<h2><img class=\"aligncenter wp-image-49\" src=\"https:\/\/www.alda.eus\/wp-content\/uploads\/2020\/10\/Alda_picto-6-300x300.png\" alt=\"\" width=\"100\" height=\"100\" \/><\/h2>\n<h2 class=\"p1\" style=\"text-align: center;\">Formakuntzak<\/h2>\n<p class=\"p1\" style=\"text-align: center;\">Jakintza ukaitea, ahala ukaitea da! Auto-formakuntza saioak antolatzen ditugu gure eskubideen bai eta haien defendatzeko beharrezkoak diren tresna guzien ezagutzeko.<\/p>\n<p>[\/et_pb_text][\/et_pb_column][et_pb_column type=&#8221;1_4&#8243; _builder_version=&#8221;4.6.5&#8243; background_enable_color=&#8221;off&#8221;][et_pb_text admin_label=&#8221;Un lieu&#8221; _builder_version=&#8221;4.6.5&#8243; custom_padding=&#8221;10px||||false|false&#8221;]<\/p>\n<h2><img class=\"aligncenter wp-image-50\" src=\"https:\/\/www.alda.eus\/wp-content\/uploads\/2020\/10\/Alda_picto-7-300x300.png\" alt=\"\" width=\"100\" height=\"100\" \/><\/h2>\n<h2 class=\"p1\" style=\"text-align: center;\">Gune bat<\/h2>\n<p class=\"p1\" style=\"text-align: center;\">Elkarretartzeko, <br \/>informatzeko, trukatzeko:<br \/>Cordeliers karrika 20,<br \/>64100 Baiona.<\/p>\n<p>[\/et_pb_text][\/et_pb_column][\/et_pb_row][et_pb_row column_structure=&#8221;1_5,3_5,1_5&#8243; _builder_version=&#8221;4.6.5&#8243; width=&#8221;100%&#8221; max_width=&#8221;2560px&#8221; min_height=&#8221;160px&#8221; custom_margin=&#8221;-1px|auto|0px|auto|false|false&#8221; custom_padding=&#8221;0px|0px|0px|0px|false|false&#8221;][et_pb_column type=&#8221;1_5&#8243; _builder_version=&#8221;4.4.2&#8243;][\/et_pb_column][et_pb_column type=&#8221;3_5&#8243; _builder_version=&#8221;4.4.2&#8243;][et_pb_button button_url=&#8221;http:\/\/www.alda.eus\/eu\/alda-proiektua\/itun-sortzailea\/&#8221; button_text=&#8221;Aldaren itun sortzailea&#8221; button_alignment=&#8221;center&#8221; _builder_version=&#8221;4.6.5&#8243; custom_button=&#8221;on&#8221; custom_margin=&#8221;30px||50px||false|false&#8221; custom_padding=&#8221;|50px||50px|false|false&#8221;][\/et_pb_button][\/et_pb_column][et_pb_column type=&#8221;1_5&#8243; _builder_version=&#8221;4.4.2&#8243;][\/et_pb_column][\/et_pb_row][\/et_pb_section][et_pb_section fb_built=&#8221;1&#8243; admin_label=&#8221;Section Rouge &#8211; TOI AUSSI AGIS&#8221; _builder_version=&#8221;4.6.5&#8243; background_color=&#8221;#e73635&#8243; min_height=&#8221;139px&#8221; custom_margin=&#8221;|0px||0px|false|false&#8221; custom_padding=&#8221;0px|0px|0px|0px|false|false&#8221; custom_css_main_element=&#8221;color: #ffffff !important;&#8221;][et_pb_row _builder_version=&#8221;4.6.5&#8243; width=&#8221;100%&#8221; max_width=&#8221;2560px&#8221; min_height=&#8221;160px&#8221; custom_margin=&#8221;-1px|auto||auto|false|false&#8221; custom_padding=&#8221;0px|0px|0px|0px|false|false&#8221;][et_pb_column type=&#8221;4_4&#8243; _builder_version=&#8221;4.4.2&#8243;][et_pb_text module_class=&#8221;bandeau-rouge&#8221; _builder_version=&#8221;4.6.5&#8243; min_height=&#8221;114px&#8221; custom_margin=&#8221;0px||0px||false|false&#8221; custom_padding=&#8221;50px||0px||false|false&#8221;]<\/p>\n<h1 class=\"p1\" style=\"text-align: center;\">Zuk ere, <br \/>Aldarekin ekin<\/h1>\n<p class=\"p1\" style=\"text-align: center;\">Aldak ez du finantzamendurik onartzen, gobernutik, enpresetarik edo alderdi politikoetarik. <br \/>Soilik bere kideen sustenguak dizkio bere ekintzen egiteko ahalak emaiten<\/p>\n<p>[\/et_pb_text][et_pb_button button_url=&#8221;http:\/\/www.alda.eus\/eu\/alda-kide\/&#8221; button_text=&#8221;Kidetzen naiz&#8221; button_alignment=&#8221;center&#8221; _builder_version=&#8221;4.6.5&#8243; custom_button=&#8221;on&#8221; button_text_color=&#8221;#e73635&#8243; button_bg_color=&#8221;#ffffff&#8221; custom_margin=&#8221;20px||50px||false|false&#8221; custom_padding=&#8221;|50px||50px|false|false&#8221;][\/et_pb_button][\/et_pb_column][\/et_pb_row][\/et_pb_section][et_pb_section fb_built=&#8221;1&#8243; admin_label=&#8221;Section blanche &#8211; FONCTIONNEMENT&#8221; _builder_version=&#8221;4.6.5&#8243; min_height=&#8221;139px&#8221; custom_margin=&#8221;|150px||150px|false|false&#8221; custom_padding=&#8221;0px|0px|50px|0px|false|false&#8221;][et_pb_row _builder_version=&#8221;4.6.5&#8243; width=&#8221;100%&#8221; max_width=&#8221;2560px&#8221; min_height=&#8221;160px&#8221; custom_margin=&#8221;-1px|auto||auto|false|false&#8221; custom_padding=&#8221;0px|0px|0px|0px|false|false&#8221;][et_pb_column type=&#8221;4_4&#8243; _builder_version=&#8221;4.4.2&#8243;][et_pb_text _builder_version=&#8221;4.6.5&#8243; min_height=&#8221;114px&#8221; custom_margin=&#8221;0px||0px||false|false&#8221; custom_padding=&#8221;50px||0px||false|false&#8221;]<\/p>\n<h1 class=\"p1\" style=\"text-align: center;\">Aldaren ibilmoldea<\/h1>\n<p>[\/et_pb_text][et_pb_image src=&#8221;http:\/\/www.alda.eus\/wp-content\/uploads\/2020\/10\/Organigramme-simplifie\u0301-pour-site-web-1.jpg&#8221; title_text=&#8221;Organigramme simplifie\u0301 pour site web (1)&#8221; _builder_version=&#8221;4.6.5&#8243; _module_preset=&#8221;default&#8221;][\/et_pb_image][et_pb_button button_url=&#8221;https:\/\/www.alda.eus\/wp-content\/uploads\/2021\/10\/Statuts-RI-Alda-Valides-par-AG-2021-3.pdf&#8221; url_new_window=&#8221;on&#8221; button_text=&#8221;Estatutuak deskargatzen ditut&#8221; button_alignment=&#8221;center&#8221; _builder_version=&#8221;4.6.5&#8243; custom_button=&#8221;on&#8221; custom_margin=&#8221;30px||50px||false|false&#8221; custom_padding=&#8221;|50px||50px|false|false&#8221;][\/et_pb_button][\/et_pb_column][\/et_pb_row][\/et_pb_section][et_pb_section fb_built=&#8221;1&#8243; admin_label=&#8221;Section blanche &#8211; EQUIPE&#8221; _builder_version=&#8221;4.6.5&#8243; background_color=&#8221;#ededed&#8221; min_height=&#8221;139px&#8221; custom_margin=&#8221;|0px||0px|false|false&#8221; custom_padding=&#8221;0px|0px|50px|0px|false|false&#8221;][et_pb_row _builder_version=&#8221;4.6.5&#8243; width=&#8221;100%&#8221; max_width=&#8221;2560px&#8221; min_height=&#8221;160px&#8221; custom_margin=&#8221;-1px|auto|0px|auto|false|false&#8221; custom_padding=&#8221;0px|0px|0px|0px|false|false&#8221;][et_pb_column type=&#8221;4_4&#8243; _builder_version=&#8221;4.4.2&#8243;][et_pb_text admin_label=&#8221;Texte&#8221; _builder_version=&#8221;4.6.5&#8243; min_height=&#8221;114px&#8221; custom_margin=&#8221;0px||0px||false|false&#8221; custom_padding=&#8221;50px||0px||false|false&#8221; hover_enabled=&#8221;0&#8243; sticky_enabled=&#8221;0&#8243;]<\/p>\n<h1 class=\"p1\" style=\"text-align: center;\">Administrazio Kontseilua<\/h1>\n<p>[\/et_pb_text][\/et_pb_column][\/et_pb_row][et_pb_row column_structure=&#8221;1_4,1_4,1_4,1_4&#8243; _builder_version=&#8221;4.6.5&#8243; _module_preset=&#8221;default&#8221; hover_enabled=&#8221;0&#8243; sticky_enabled=&#8221;0&#8243;][et_pb_column type=&#8221;1_4&#8243; _builder_version=&#8221;4.6.5&#8243; _module_preset=&#8221;default&#8221;][et_pb_text _builder_version=&#8221;4.6.5&#8243; _module_preset=&#8221;default&#8221; hover_enabled=&#8221;0&#8243; sticky_enabled=&#8221;0&#8243;]<\/p>\n<p><img class=\"alignnone wp-image-3063 size-medium\" src=\"https:\/\/www.alda.eus\/wp-content\/uploads\/2021\/10\/CA_Alda_20212-300x300.png\" alt=\"\" width=\"300\" height=\"300\" \/><\/p>\n<h2>\u00a0<\/h2>\n<h2 class=\"p1\" style=\"text-align: center;\">Malika Abidallah<\/h2>\n<p>[\/et_pb_text][et_pb_text _builder_version=&#8221;4.6.5&#8243; _module_preset=&#8221;default&#8221;]<\/p>\n<p><img class=\"alignnone wp-image-7863 size-medium\" src=\"https:\/\/www.alda.eus\/wp-content\/uploads\/2023\/11\/10-300x300.png\" alt=\"\" width=\"300\" height=\"300\" \/><\/p>\n<h2>\u00a0<\/h2>\n<h2 class=\"p1\" style=\"text-align: center;\">Loreline Cariteau-Baps\u00e8res<\/h2>\n<p>[\/et_pb_text][et_pb_text _builder_version=&#8221;4.6.5&#8243; _module_preset=&#8221;default&#8221;]<\/p>\n<p><img class=\"alignnone wp-image-4937 size-medium\" src=\"https:\/\/www.alda.eus\/wp-content\/uploads\/2022\/10\/CA_Alda_2022_3-300x300.png\" alt=\"\" width=\"300\" height=\"300\" \/><\/p>\n<h2>\u00a0<\/h2>\n<h2 class=\"p1\" style=\"text-align: center;\">Jacques Echaniz<\/h2>\n<p>[\/et_pb_text][et_pb_text _builder_version=&#8221;4.6.5&#8243; _module_preset=&#8221;default&#8221;]<\/p>\n<p><img class=\"alignnone wp-image-4941 size-medium\" src=\"https:\/\/www.alda.eus\/wp-content\/uploads\/2022\/10\/CA_Alda_2022_5-300x300.png\" alt=\"\" width=\"300\" height=\"300\" \/><\/p>\n<h2>\u00a0<\/h2>\n<h2 class=\"p1\" style=\"text-align: center;\">S\u00e9verine Lepage<\/h2>\n<p>[\/et_pb_text][et_pb_text _builder_version=&#8221;4.6.5&#8243; _module_preset=&#8221;default&#8221;]<\/p>\n<p><img class=\"alignnone wp-image-7861 size-medium\" src=\"https:\/\/www.alda.eus\/wp-content\/uploads\/2023\/11\/13-300x300.png\" alt=\"\" width=\"300\" height=\"300\" \/><\/p>\n<h2>\u00a0<\/h2>\n<h2 class=\"p1\" style=\"text-align: center;\">Malika Merzouki<\/h2>\n<p>[\/et_pb_text][\/et_pb_column][et_pb_column type=&#8221;1_4&#8243; _builder_version=&#8221;4.6.5&#8243; _module_preset=&#8221;default&#8221;][et_pb_text _builder_version=&#8221;4.6.5&#8243; _module_preset=&#8221;default&#8221;]<\/p>\n<p><img class=\"alignnone wp-image-4931 size-medium\" src=\"https:\/\/www.alda.eus\/wp-content\/uploads\/2022\/10\/CA_Alda_2022_1-300x300.png\" alt=\"\" width=\"300\" height=\"300\" \/><\/p>\n<h2>\u00a0<\/h2>\n<h2 class=\"p1\" style=\"text-align: center;\">Teddy Atlani<\/h2>\n<p>[\/et_pb_text][et_pb_text _builder_version=&#8221;4.6.5&#8243; _module_preset=&#8221;default&#8221;]<\/p>\n<p><img class=\"aligncenter wp-image-737\" src=\"http:\/\/www.alda.eus\/wp-content\/uploads\/2020\/10\/Alda_ca.png\" alt=\"\" width=\"300\" height=\"300\" \/><\/p>\n<h2>\u00a0<\/h2>\n<h2 class=\"p1\" style=\"text-align: center;\">Aurelien Carrodano<\/h2>\n<h2 class=\"p1\">\u00a0<\/h2>\n<p>[\/et_pb_text][et_pb_text _builder_version=&#8221;4.6.5&#8243; _module_preset=&#8221;default&#8221;]<\/p>\n<p><img class=\"aligncenter wp-image-754\" src=\"http:\/\/www.alda.eus\/wp-content\/uploads\/2020\/10\/Alda_ca9.png\" alt=\"\" width=\"300\" height=\"300\" \/><\/p>\n<h2>\u00a0<\/h2>\n<h2 class=\"p1\" style=\"text-align: center;\">Magali Etcheverria<\/h2>\n<p>[\/et_pb_text][et_pb_text _builder_version=&#8221;4.6.5&#8243; _module_preset=&#8221;default&#8221;]<\/p>\n<p><img class=\"alignnone wp-image-7867 size-medium\" src=\"https:\/\/www.alda.eus\/wp-content\/uploads\/2023\/11\/1-1-300x300.png\" alt=\"\" width=\"300\" height=\"300\" \/><\/p>\n<h2>\u00a0<\/h2>\n<h2 class=\"p1\" style=\"text-align: center;\">Antton Pery<\/h2>\n<p>[\/et_pb_text][et_pb_text _builder_version=&#8221;4.6.5&#8243; _module_preset=&#8221;default&#8221;]<\/p>\n<p><img class=\"alignnone wp-image-7865 size-medium\" src=\"https:\/\/www.alda.eus\/wp-content\/uploads\/2023\/11\/2-1-300x300.png\" alt=\"\" width=\"300\" height=\"300\" \/><\/p>\n<h2>\u00a0<\/h2>\n<h2 class=\"p1\" style=\"text-align: center;\">Elouan Trichard<\/h2>\n<p>[\/et_pb_text][\/et_pb_column][et_pb_column type=&#8221;1_4&#8243; _builder_version=&#8221;4.6.5&#8243; _module_preset=&#8221;default&#8221;][et_pb_text _builder_version=&#8221;4.6.5&#8243; _module_preset=&#8221;default&#8221;]<\/p>\n<p><img class=\"alignnone wp-image-4935 size-medium\" src=\"https:\/\/www.alda.eus\/wp-content\/uploads\/2022\/10\/CA_Alda_2022_2-300x300.png\" alt=\"\" width=\"300\" height=\"300\" \/><\/p>\n<h2>\u00a0<\/h2>\n<h2 class=\"p1\" style=\"text-align: center;\">Laurence Beaufils<\/h2>\n<p>[\/et_pb_text][et_pb_text _builder_version=&#8221;4.6.5&#8243; _module_preset=&#8221;default&#8221;]<\/p>\n<p><img class=\"alignnone wp-image-3061 size-medium\" src=\"https:\/\/www.alda.eus\/wp-content\/uploads\/2021\/10\/CA_Alda_2021-300x300.png\" alt=\"\" width=\"300\" height=\"300\" \/><\/p>\n<h2>\u00a0<\/h2>\n<h2 class=\"p1\" style=\"text-align: center;\">Catherine Chantecaille<\/h2>\n<h2 class=\"p1\">\u00a0<\/h2>\n<p>[\/et_pb_text][et_pb_text _builder_version=&#8221;4.6.5&#8243; _module_preset=&#8221;default&#8221;]<\/p>\n<p><img class=\"alignnone wp-image-7871 size-medium\" src=\"https:\/\/www.alda.eus\/wp-content\/uploads\/2023\/11\/7-300x300.png\" alt=\"\" width=\"300\" height=\"300\" \/><\/p>\n<h2>\u00a0<\/h2>\n<h2 class=\"p1\" style=\"text-align: center;\">Gabriel Jourdane<\/h2>\n<p>[\/et_pb_text][et_pb_text _builder_version=&#8221;4.6.5&#8243; _module_preset=&#8221;default&#8221;]<\/p>\n<p><img class=\"alignnone wp-image-740 size-medium\" src=\"https:\/\/www.alda.eus\/wp-content\/uploads\/2020\/10\/Alda_ca2-300x300.png\" alt=\"\" width=\"300\" height=\"300\" \/><\/p>\n<h2>\u00a0<\/h2>\n<h2 class=\"p1\" style=\"text-align: center;\">Malika Peyraut<\/h2>\n<p>[\/et_pb_text][et_pb_text _builder_version=&#8221;4.6.5&#8243; _module_preset=&#8221;default&#8221;]<\/p>\n<p><img class=\"alignnone wp-image-7875 size-medium\" src=\"https:\/\/www.alda.eus\/wp-content\/uploads\/2023\/11\/4-1-300x300.png\" alt=\"\" width=\"300\" height=\"300\" \/><\/p>\n<h2>\u00a0<\/h2>\n<h2 class=\"p1\" style=\"text-align: center;\">Imanol Hazarka<\/h2>\n<p>[\/et_pb_text][\/et_pb_column][et_pb_column type=&#8221;1_4&#8243; _builder_version=&#8221;4.6.5&#8243; _module_preset=&#8221;default&#8221;][et_pb_text _builder_version=&#8221;4.6.5&#8243; _module_preset=&#8221;default&#8221;]<\/p>\n<p><img class=\"aligncenter wp-image-745\" src=\"http:\/\/www.alda.eus\/wp-content\/uploads\/2020\/10\/Alda_ca5.png\" alt=\"\" width=\"300\" height=\"300\" \/><\/p>\n<h2>\u00a0<\/h2>\n<h2 class=\"p1\" style=\"text-align: center;\">Ainize Butron<\/h2>\n<p>[\/et_pb_text][et_pb_text _builder_version=&#8221;4.6.5&#8243; _module_preset=&#8221;default&#8221;]<\/p>\n<p><img class=\"alignnone wp-image-751 size-medium\" src=\"https:\/\/www.alda.eus\/wp-content\/uploads\/2020\/10\/Alda_ca7-300x300.png\" alt=\"\" width=\"300\" height=\"300\" \/><\/p>\n<h2>\u00a0<\/h2>\n<h2 class=\"p1\" style=\"text-align: center;\">Xebax Christy<\/h2>\n<p>&nbsp;<\/p>\n<p>[\/et_pb_text][et_pb_text _builder_version=&#8221;4.6.5&#8243; _module_preset=&#8221;default&#8221;]<\/p>\n<p><img class=\"alignnone wp-image-4939 size-medium\" src=\"https:\/\/www.alda.eus\/wp-content\/uploads\/2022\/10\/CA_Alda_2022_4-300x300.png\" alt=\"\" width=\"300\" height=\"300\" \/><\/p>\n<h2>\u00a0<\/h2>\n<h2 class=\"p1\" style=\"text-align: center;\">Ir\u00e8ne Ferreira<\/h2>\n<p>[\/et_pb_text][et_pb_text _builder_version=&#8221;4.6.5&#8243; _module_preset=&#8221;default&#8221;]<\/p>\n<p><img class=\"alignnone wp-image-7869 size-medium\" src=\"https:\/\/www.alda.eus\/wp-content\/uploads\/2023\/11\/6-1-300x300.png\" alt=\"\" width=\"300\" height=\"300\" \/><\/p>\n<h2>\u00a0<\/h2>\n<h2 class=\"p1\" style=\"text-align: center;\">Nicolas Struve<\/h2>\n<p>[\/et_pb_text][et_pb_text _builder_version=&#8221;4.6.5&#8243; _module_preset=&#8221;default&#8221;]<\/p>\n<p><img class=\"alignnone wp-image-7859 size-medium\" src=\"https:\/\/www.alda.eus\/wp-content\/uploads\/2023\/11\/12-300x300.png\" alt=\"\" width=\"300\" height=\"300\" \/><\/p>\n<h2>\u00a0<\/h2>\n<h2 class=\"p1\" style=\"text-align: center;\">Isabelle Marticorena<\/h2>\n<p>[\/et_pb_text][\/et_pb_column][\/et_pb_row][\/et_pb_section][et_pb_section fb_built=&#8221;1&#8243; admin_label=&#8221;Section blanche &#8211; EQUIPE&#8221; _builder_version=&#8221;4.6.5&#8243; background_color=&#8221;#ededed&#8221; min_height=&#8221;139px&#8221; custom_margin=&#8221;|0px||0px|false|false&#8221; custom_padding=&#8221;0px|0px|50px|0px|false|false&#8221; hover_enabled=&#8221;0&#8243; sticky_enabled=&#8221;0&#8243;][et_pb_row _builder_version=&#8221;4.6.5&#8243; width=&#8221;100%&#8221; max_width=&#8221;2560px&#8221; min_height=&#8221;160px&#8221; custom_margin=&#8221;-1px|auto|0px|auto|false|false&#8221; custom_padding=&#8221;0px|0px|0px|0px|false|false&#8221;][et_pb_column type=&#8221;4_4&#8243; _builder_version=&#8221;4.4.2&#8243;][et_pb_text admin_label=&#8221;Texte&#8221; _builder_version=&#8221;4.6.5&#8243; min_height=&#8221;114px&#8221; custom_margin=&#8221;0px||0px||false|false&#8221; custom_padding=&#8221;50px||0px||false|false&#8221; hover_enabled=&#8221;0&#8243; sticky_enabled=&#8221;0&#8243;]<\/p>\n<h1 class=\"p1\" style=\"text-align: center;\">Taldea<\/h1>\n<p>[\/et_pb_text][\/et_pb_column][\/et_pb_row][et_pb_row column_structure=&#8221;1_4,1_4,1_4,1_4&#8243; _builder_version=&#8221;4.6.5&#8243; _module_preset=&#8221;default&#8221; hover_enabled=&#8221;0&#8243; sticky_enabled=&#8221;0&#8243;][et_pb_column type=&#8221;1_4&#8243; _builder_version=&#8221;4.6.5&#8243; _module_preset=&#8221;default&#8221;][et_pb_text _builder_version=&#8221;4.6.5&#8243; _module_preset=&#8221;default&#8221; hover_enabled=&#8221;0&#8243; sticky_enabled=&#8221;0&#8243;]<\/p>\n<p><img class=\"alignnone wp-image-7886 size-medium\" src=\"https:\/\/www.alda.eus\/wp-content\/uploads\/2023\/11\/Lara-Saget-300x300.png\" alt=\"\" width=\"300\" height=\"300\" \/><\/p>\n<h2>\u00a0<\/h2>\n<h2 class=\"p1\" style=\"text-align: center;\">Lara Saget<\/h2>\n<p>[\/et_pb_text][et_pb_text _builder_version=&#8221;4.6.5&#8243; _module_preset=&#8221;default&#8221; hover_enabled=&#8221;0&#8243; sticky_enabled=&#8221;0&#8243;]<\/p>\n<p><img class=\"alignnone wp-image-12647 size-medium\" src=\"https:\/\/www.alda.eus\/wp-content\/uploads\/2025\/07\/Andde-Alda-300x300.jpg\" alt=\"\" width=\"300\" height=\"300\" \/><\/p>\n<h2>\u00a0<\/h2>\n<h2 class=\"p1\" style=\"text-align: center;\">Andde Artayet<\/h2>\n<p>[\/et_pb_text][\/et_pb_column][et_pb_column type=&#8221;1_4&#8243; _builder_version=&#8221;4.6.5&#8243; _module_preset=&#8221;default&#8221;][et_pb_text _builder_version=&#8221;4.6.5&#8243; _module_preset=&#8221;default&#8221; hover_enabled=&#8221;0&#8243; sticky_enabled=&#8221;0&#8243;]<\/p>\n<p><img class=\"alignnone wp-image-7896 size-medium\" src=\"https:\/\/www.alda.eus\/wp-content\/uploads\/2023\/11\/Le\u0301a-Dallemane-300x300.png\" alt=\"\" width=\"300\" height=\"300\" srcset=\"https:\/\/www.alda.eus\/wp-content\/uploads\/2023\/11\/Le\u0301a-Dallemane-300x300.png 300w, https:\/\/www.alda.eus\/wp-content\/uploads\/2023\/11\/Le\u0301a-Dallemane-1024x1024.png 1024w, https:\/\/www.alda.eus\/wp-content\/uploads\/2023\/11\/Le\u0301a-Dallemane-150x150.png 150w, https:\/\/www.alda.eus\/wp-content\/uploads\/2023\/11\/Le\u0301a-Dallemane-768x768.png 768w, https:\/\/www.alda.eus\/wp-content\/uploads\/2023\/11\/Le\u0301a-Dallemane-1536x1536.png 1536w, https:\/\/www.alda.eus\/wp-content\/uploads\/2023\/11\/Le\u0301a-Dallemane-1080x1080.png 1080w, https:\/\/www.alda.eus\/wp-content\/uploads\/2023\/11\/Le\u0301a-Dallemane-1280x1280.png 1280w, https:\/\/www.alda.eus\/wp-content\/uploads\/2023\/11\/Le\u0301a-Dallemane-980x980.png 980w, https:\/\/www.alda.eus\/wp-content\/uploads\/2023\/11\/Le\u0301a-Dallemane-480x480.png 480w, https:\/\/www.alda.eus\/wp-content\/uploads\/2023\/11\/Le\u0301a-Dallemane.png 2025w\" sizes=\"(max-width: 300px) 100vw, 300px\" \/><\/p>\n<h2>\u00a0<\/h2>\n<h2 class=\"p1\" style=\"text-align: center;\">L\u00e9a Dallemane<\/h2>\n<p>[\/et_pb_text][et_pb_text _builder_version=&#8221;4.6.5&#8243; _module_preset=&#8221;default&#8221; hover_enabled=&#8221;0&#8243; sticky_enabled=&#8221;0&#8243;]<\/p>\n<p><img class=\"alignnone wp-image-12649 size-medium\" src=\"https:\/\/www.alda.eus\/wp-content\/uploads\/2025\/07\/Yannick-300x300.jpg\" alt=\"\" width=\"300\" height=\"300\" \/><\/p>\n<h2>\u00a0<\/h2>\n<h2 class=\"p1\" style=\"text-align: center;\">Yannick Montaulieu<\/h2>\n<h2 class=\"p1\">\u00a0<\/h2>\n<p>[\/et_pb_text][\/et_pb_column][et_pb_column type=&#8221;1_4&#8243; _builder_version=&#8221;4.6.5&#8243; _module_preset=&#8221;default&#8221;][et_pb_text _builder_version=&#8221;4.6.5&#8243; _module_preset=&#8221;default&#8221; hover_enabled=&#8221;0&#8243; sticky_enabled=&#8221;0&#8243;]<\/p>\n<p><img class=\"alignnone wp-image-10546 size-medium\" src=\"https:\/\/www.alda.eus\/wp-content\/uploads\/2024\/10\/Thibaut-Godin-300x300.png\" alt=\"\" width=\"300\" height=\"300\" \/><\/p>\n<h2>\u00a0<\/h2>\n<h2 class=\"p1\" style=\"text-align: center;\">Thibaut Godin<\/h2>\n<p>[\/et_pb_text][et_pb_text _builder_version=&#8221;4.6.5&#8243; _module_preset=&#8221;default&#8221; hover_enabled=&#8221;0&#8243; sticky_enabled=&#8221;0&#8243;]<\/p>\n<p><img class=\"alignnone wp-image-11380 size-medium\" src=\"https:\/\/www.alda.eus\/wp-content\/uploads\/2025\/02\/Ibai-Capot-300x300.png\" alt=\"\" width=\"300\" height=\"300\" \/><\/p>\n<h2>\u00a0<\/h2>\n<h2 class=\"p1\" style=\"text-align: center;\">Ibai Capot Thornary<\/h2>\n<h2 class=\"p1\">\u00a0<\/h2>\n<p>[\/et_pb_text][\/et_pb_column][et_pb_column type=&#8221;1_4&#8243; _builder_version=&#8221;4.6.5&#8243; _module_preset=&#8221;default&#8221;][et_pb_text _builder_version=&#8221;4.6.5&#8243; _module_preset=&#8221;default&#8221; hover_enabled=&#8221;0&#8243; sticky_enabled=&#8221;0&#8243;]<\/p>\n<p><img class=\"alignnone wp-image-10002 size-medium\" src=\"https:\/\/www.alda.eus\/wp-content\/uploads\/2024\/07\/Gaelle-Vincens-2-1-300x300.png\" alt=\"\" width=\"300\" height=\"300\" \/><\/p>\n<h2>\u00a0<\/h2>\n<h2 class=\"p1\" style=\"text-align: center;\">Ga\u00eblle Vincens<\/h2>\n<p>[\/et_pb_text][et_pb_text _builder_version=&#8221;4.6.5&#8243; _module_preset=&#8221;default&#8221; hover_enabled=&#8221;0&#8243; sticky_enabled=&#8221;0&#8243;]<\/p>\n<p><img class=\"alignnone wp-image-11382 size-medium\" src=\"https:\/\/www.alda.eus\/wp-content\/uploads\/2025\/02\/Oihana-Driollet-300x300.png\" alt=\"\" width=\"300\" height=\"300\" \/><\/p>\n<h2>\u00a0<\/h2>\n<h2 class=\"p1\" style=\"text-align: center;\">Oihana Driollet<\/h2>\n<p>&nbsp;<\/p>\n<p>[\/et_pb_text][\/et_pb_column][\/et_pb_row][\/et_pb_section]<\/p>\n","protected":false},"excerpt":{"rendered":"<p>[et_pb_section fb_built=&#8221;1&#8243; admin_label=&#8221;Section &#8211; Header&#8221; _builder_version=&#8221;4.6.5&#8243; custom_padding=&#8221;0px||1px|||&#8221;][et_pb_row _builder_version=&#8221;4.4.2&#8243; width=&#8221;100%&#8221; max_width=&#8221;2560px&#8221; custom_padding=&#8221;2px||0px|||&#8221;][et_pb_column type=&#8221;4_4&#8243; _builder_version=&#8221;4.4.2&#8243;][et_pb_image src=&#8221;https:\/\/www.alda.eus\/wp-content\/uploads\/2020\/10\/Alda_elkarrekin-scaled.jpg&#8221; title_text=&#8221;Alda_elkarrekin&#8221; _builder_version=&#8221;4.6.5&#8243;][\/et_pb_image][\/et_pb_column][\/et_pb_row][\/et_pb_section][et_pb_section fb_built=&#8221;1&#8243; admin_label=&#8221;Section grise &#8211; L&#8217;ESSENTIEL&#8221; _builder_version=&#8221;4.6.5&#8243; background_color=&#8221;#ededed&#8221; min_height=&#8221;139px&#8221; custom_margin=&#8221;|0px||0px|false|false&#8221; custom_padding=&#8221;0px|0px|0px|0px|false|false&#8221;][et_pb_row column_structure=&#8221;1_5,3_5,1_5&#8243; _builder_version=&#8221;4.6.5&#8243; width=&#8221;100%&#8221; max_width=&#8221;2560px&#8221; min_height=&#8221;160px&#8221; custom_margin=&#8221;-1px|auto||auto|false|false&#8221; custom_padding=&#8221;0px|0px|0px|0px|false|false&#8221;][et_pb_column type=&#8221;1_5&#8243; _builder_version=&#8221;4.4.2&#8243;][\/et_pb_column][et_pb_column type=&#8221;3_5&#8243; _builder_version=&#8221;4.4.2&#8243;][et_pb_text _builder_version=&#8221;4.6.5&#8243; min_height=&#8221;114px&#8221; custom_margin=&#8221;0px||0px||false|false&#8221; custom_padding=&#8221;50px||50px||false|false&#8221;] Alda: funtsezkoena 2020ko udazkenean sortua, Alda jendarte herrikoietako jendetza, familia eta pertsonen interes eta [&hellip;]<\/p>\n","protected":false},"author":1,"featured_media":0,"parent":0,"menu_order":0,"comment_status":"closed","ping_status":"closed","template":"","meta":{"_et_pb_use_builder":"on","_et_pb_old_content":"<p>[et_pb_section fb_built=\"1\" admin_label=\"Section - Header\" _builder_version=\"4.6.5\" custom_padding=\"0px||1px|||\"][et_pb_row _builder_version=\"4.4.2\" width=\"100%\" max_width=\"2560px\" custom_padding=\"2px||0px|||\"][et_pb_column type=\"4_4\" _builder_version=\"4.4.2\"][et_pb_image src=\"http:\/\/aldaeuf.cluster030.hosting.ovh.net\/wp-content\/uploads\/2020\/10\/Alda_ensemble-1-scaled.jpg\" title_text=\"Alda_ensemble\" _builder_version=\"4.6.5\"][\/et_pb_image][\/et_pb_column][\/et_pb_row][\/et_pb_section][et_pb_section fb_built=\"1\" admin_label=\"Section grise - L'ESSENTIEL\" _builder_version=\"4.6.5\" background_color=\"#ededed\" min_height=\"139px\" custom_margin=\"|0px||0px|false|false\" custom_padding=\"0px|0px|0px|0px|false|false\"][et_pb_row column_structure=\"1_5,3_5,1_5\" _builder_version=\"4.6.5\" width=\"100%\" max_width=\"2560px\" min_height=\"160px\" custom_margin=\"-1px|auto||auto|false|false\" custom_padding=\"0px|0px|0px|0px|false|false\"][et_pb_column type=\"1_5\" _builder_version=\"4.4.2\"][\/et_pb_column][et_pb_column type=\"3_5\" _builder_version=\"4.4.2\"][et_pb_text _builder_version=\"4.6.5\" min_height=\"114px\" custom_margin=\"0px||0px||false|false\" custom_padding=\"50px||50px||false|false\"]<\/p><h1 class=\"p1\" style=\"text-align: center;\">Alda : l\u2019essentiel<\/h1><p class=\"p1\">N\u00e9e \u00e0 l\u2019automne 2020, Alda est une association d\u00e9fendant les int\u00e9r\u00eats et aspirations des populations, familles et personnes des milieux et quartiers populaires.<\/p><p class=\"p1\">En basque, Alda signifie \u201cchanger\u201d : profond\u00e9ment ancr\u00e9e dans le territoire, l\u2019association Alda s\u2019adresse \u00e0 celles et ceux<span class=\"Apple-converted-space\">\u00a0 <\/span>qui veulent s\u2019organiser pour d\u00e9fendre leurs droits. Droits \u00e0 des revenus et allocations suffisants, \u00e0 des logements abordables, salubres et bien isol\u00e9s, \u00e0 des quartiers et un environnement pr\u00e9serv\u00e9s et o\u00f9 il fait bon vivre, \u00e0 des services publics de qualit\u00e9, \u00e0 un \u00e9gal acc\u00e8s \u00e0 la sant\u00e9, \u00e0 une alimentation saine et locale, \u00e0 l\u2019\u00e9ducation, la culture, le sport, la mobilit\u00e9 et les loisirs, droits de consommateurs et d\u2019usagers : l\u2019objectif d\u2019Alda est de permettre aux gens de retrouver leur pouvoir, et de faire entendre leurs voix.<\/p><p class=\"p1\">Ind\u00e9pendante des pouvoirs publics et de tout pouvoir politique, Alda utilise des modes d\u2019action non-violente inspir\u00e9s de luttes pour les droits \u00e0 travers le monde et au Pays Basque. Son fonctionnement repose exclusivement sur l\u2019organisation des citoyennes et citoyens, car le pari d\u2019Alda s\u2019appuie sur une id\u00e9e cl\u00e9 : ensemble, nous sommes une force immense !<\/p><p>[\/et_pb_text][\/et_pb_column][et_pb_column type=\"1_5\" _builder_version=\"4.4.2\"][\/et_pb_column][\/et_pb_row][\/et_pb_section][et_pb_section fb_built=\"1\" admin_label=\"Section blanc - ALDA C'EST\" _builder_version=\"4.6.5\" module_alignment=\"center\" min_height=\"139px\" custom_margin=\"|0px|0px|0px|false|false\" custom_padding=\"0px|0px|0px|0px|false|false\"][et_pb_row column_structure=\"1_4,1_4,1_4,1_4\" use_custom_gutter=\"on\" gutter_width=\"2\" make_equal=\"on\" _builder_version=\"4.6.5\" width=\"100%\" module_alignment=\"center\" custom_margin=\"0px|0px||0px|false|false\" custom_padding=\"50px|0px||0px|false|false\"][et_pb_column type=\"1_4\" _builder_version=\"4.6.5\" background_enable_color=\"off\" custom_padding=\"2px||||false|false\"][et_pb_text _builder_version=\"4.6.5\" _module_preset=\"default\"]<\/p><h1>\u00a0<\/h1><p>\u00a0<\/p><h1 class=\"p1\"><b>Concr\u00e8tement,<br \/>Alda, c\u2019est : <\/b><\/h1><p>[\/et_pb_text][\/et_pb_column][et_pb_column type=\"1_4\" _builder_version=\"4.6.5\" background_enable_color=\"off\"][et_pb_text admin_label=\"Une enqu\u00eate\" _builder_version=\"4.6.5\" custom_padding=\"10px||||false|false\"]<\/p><h2><img class=\"wp-image-481 aligncenter\" src=\"https:\/\/www.alda.eus\/wp-content\/uploads\/2020\/10\/Alda_picto--300x300.png\" alt=\"\" width=\"100\" height=\"100\" \/><\/h2><h2 class=\"p1\" style=\"text-align: center;\">Une enqu\u00eate<\/h2><p class=\"p1\" style=\"text-align: center;\">Pendant plusieurs mois, des b\u00e9n\u00e9voles<br \/>de l\u2019association vont \u00e0 la rencontre<br \/>des habitantes et habitants<br \/>pour les \u00e9couter et conna\u00eetre<br \/>leurs probl\u00e8mes et leurs demandes.<\/p><p>[\/et_pb_text][\/et_pb_column][et_pb_column type=\"1_4\" _builder_version=\"4.6.5\" background_enable_color=\"off\"][et_pb_text admin_label=\"Des actions concr\u00e8tes \" _builder_version=\"4.6.5\" custom_padding=\"10px||||false|false\"]<\/p><h2><img class=\"aligncenter wp-image-482\" src=\"https:\/\/www.alda.eus\/wp-content\/uploads\/2020\/10\/Alda_picto-2-300x300.png\" alt=\"\" width=\"100\" height=\"100\" \/><\/h2><h2 class=\"p1\" style=\"text-align: center;\">Des actions concr\u00e8tes<\/h2><p class=\"p1\" style=\"text-align: center;\">Lorsque plusieurs personnes<br \/>sont touch\u00e9es par la m\u00eame<br \/>injustice, nous nous organisons<br \/>collectivement pour que<br \/>la situation change.<\/p><p>[\/et_pb_text][\/et_pb_column][et_pb_column type=\"1_4\" _builder_version=\"4.6.5\" background_enable_color=\"off\"][et_pb_text admin_label=\"Des organisateurs\" _builder_version=\"4.6.5\" custom_padding=\"10px||||false|false\"]<\/p><h2><img class=\"aligncenter wp-image-483\" src=\"https:\/\/www.alda.eus\/wp-content\/uploads\/2020\/10\/Alda_picto-3-300x300.png\" alt=\"\" width=\"100\" height=\"100\" \/><\/h2><h2 class=\"p1\" style=\"text-align: center;\">Des organisateurs<\/h2><p class=\"p1\" style=\"text-align: center;\">Qui nous aident \u00e0 nous organiser,<br \/>\u00e0 mener et gagner une bataille,<br \/>\u00e0 communiquer pour faire<br \/>conna\u00eetre nos demandes, \u00e0 animer<br \/>des r\u00e9unions efficaces.<\/p><p>[\/et_pb_text][\/et_pb_column][\/et_pb_row][et_pb_row column_structure=\"1_4,1_4,1_4,1_4\" use_custom_gutter=\"on\" gutter_width=\"2\" make_equal=\"on\" _builder_version=\"4.6.5\" width=\"100%\" module_alignment=\"center\" custom_margin=\"0px|0px||0px|false|false\" custom_padding=\"0px|0px||0px|false|false\"][et_pb_column type=\"1_4\" _builder_version=\"4.6.5\" background_enable_color=\"off\" custom_padding=\"2px||||false|false\"][et_pb_text admin_label=\"Des avocats\" _builder_version=\"4.6.5\" custom_padding=\"10px||||false|false\"]<\/p><h2><img class=\"aligncenter wp-image-484\" src=\"https:\/\/www.alda.eus\/wp-content\/uploads\/2020\/10\/Alda_picto-4-300x300.png\" alt=\"\" width=\"100\" height=\"100\" \/><\/h2><h2 class=\"p1\" style=\"text-align: center;\">Des avocats<\/h2><p class=\"p1\" style=\"text-align: center;\">Pour permettre \u00e0 des collectifs<br \/>d\u2019habitants victimes d\u2019injustices<br \/>de se d\u00e9fendre et d\u2019attaquer<br \/>sur le terrain juridique.<\/p><p>[\/et_pb_text][\/et_pb_column][et_pb_column type=\"1_4\" _builder_version=\"4.6.5\" background_enable_color=\"off\"][et_pb_text admin_label=\"Un journal\" _builder_version=\"4.6.5\" custom_padding=\"10px||||false|false\"]<\/p><h2><img class=\"aligncenter wp-image-485\" src=\"https:\/\/www.alda.eus\/wp-content\/uploads\/2020\/10\/Alda_picto-5-300x300.png\" alt=\"\" width=\"100\" height=\"100\" \/><\/h2><h2 class=\"p1\" style=\"text-align: center;\">Un journal<\/h2><p class=\"p1\" style=\"text-align: center;\">Diffus\u00e9 gratuitement dans les quartiers,<br \/>il parle de nos probl\u00e8mes quotidiens<br \/>et de la mani\u00e8re dont on tente<br \/>de les r\u00e9soudre.<\/p><p>[\/et_pb_text][\/et_pb_column][et_pb_column type=\"1_4\" _builder_version=\"4.6.5\" background_enable_color=\"off\"][et_pb_text admin_label=\"Des formations\" _builder_version=\"4.6.5\" custom_padding=\"10px||||false|false\"]<\/p><h2><img class=\"aligncenter wp-image-486\" src=\"https:\/\/www.alda.eus\/wp-content\/uploads\/2020\/10\/Alda_picto-6-300x300.png\" alt=\"\" width=\"100\" height=\"100\" \/><\/h2><h2 class=\"p1\" style=\"text-align: center;\">Des formations<\/h2><p class=\"p1\" style=\"text-align: center;\">Savoir, c\u2019est pouvoir ! Nous organisons des sessions de formation pour conna\u00eetre nos droits et tous les outils n\u00e9cessaires pour les d\u00e9fendre.<\/p><p>[\/et_pb_text][\/et_pb_column][et_pb_column type=\"1_4\" _builder_version=\"4.6.5\" background_enable_color=\"off\"][et_pb_text admin_label=\"Un lieu\" _builder_version=\"4.6.5\" custom_padding=\"10px||||false|false\"]<\/p><h2><img class=\"aligncenter wp-image-487\" src=\"https:\/\/www.alda.eus\/wp-content\/uploads\/2020\/10\/Alda_picto-7-300x300.png\" alt=\"\" width=\"100\" height=\"100\" \/><\/h2><h2 class=\"p1\" style=\"text-align: center;\">Un lieu<\/h2><p class=\"p1\" style=\"text-align: center;\">Pour se r\u00e9unir,<br \/>s\u2019informer, \u00e9changer :<br \/>20 Rue des Cordeliers,<br \/>64100 Bayonne.<\/p><p>[\/et_pb_text][\/et_pb_column][\/et_pb_row][et_pb_row column_structure=\"1_5,3_5,1_5\" _builder_version=\"4.6.5\" width=\"100%\" max_width=\"2560px\" min_height=\"160px\" custom_margin=\"-1px|auto|0px|auto|false|false\" custom_padding=\"0px|0px|0px|0px|false|false\"][et_pb_column type=\"1_5\" _builder_version=\"4.4.2\"][\/et_pb_column][et_pb_column type=\"3_5\" _builder_version=\"4.4.2\"][et_pb_button button_url=\"\/charte\" button_text=\"La charte fondatrice\" button_alignment=\"center\" _builder_version=\"4.6.5\" custom_button=\"on\" custom_margin=\"30px||50px||false|false\" custom_padding=\"|50px||50px|false|false\"][\/et_pb_button][\/et_pb_column][et_pb_column type=\"1_5\" _builder_version=\"4.4.2\"][\/et_pb_column][\/et_pb_row][\/et_pb_section][et_pb_section fb_built=\"1\" admin_label=\"Section Rouge - TOI AUSSI AGIS\" _builder_version=\"4.6.5\" background_color=\"#e73635\" min_height=\"139px\" custom_margin=\"|0px||0px|false|false\" custom_padding=\"0px|0px|0px|0px|false|false\" custom_css_main_element=\"color: #ffffff !important;\"][et_pb_row _builder_version=\"4.6.5\" width=\"100%\" max_width=\"2560px\" min_height=\"160px\" custom_margin=\"-1px|auto||auto|false|false\" custom_padding=\"0px|0px|0px|0px|false|false\"][et_pb_column type=\"4_4\" _builder_version=\"4.4.2\"][et_pb_text module_class=\"bandeau-rouge\" _builder_version=\"4.6.5\" min_height=\"114px\" custom_margin=\"0px||0px||false|false\" custom_padding=\"50px||0px||false|false\"]<\/p><h1 class=\"p1\" style=\"text-align: center;\">Toi aussi,<br \/>agis avec Alda<\/h1><p class=\"p1\" style=\"text-align: center;\">Alda n\u2019accepte pas de financement du gouvernement, des entreprises ou des partis politiques.<br \/>Seul le soutien de ses membres lui permet de r\u00e9aliser ses actions<\/p><p>[\/et_pb_text][et_pb_button button_url=\"\/adherer\" button_text=\"j\u2019adh\u00e8re\" button_alignment=\"center\" _builder_version=\"4.6.5\" custom_button=\"on\" button_text_color=\"#e73635\" button_bg_color=\"#ffffff\" custom_margin=\"20px||50px||false|false\" custom_padding=\"|50px||50px|false|false\" hover_enabled=\"0\" sticky_enabled=\"0\"][\/et_pb_button][\/et_pb_column][\/et_pb_row][\/et_pb_section][et_pb_section fb_built=\"1\" admin_label=\"Section blanche - FONCTIONNEMENT\" _builder_version=\"4.6.5\" min_height=\"139px\" custom_margin=\"|150px||150px|false|false\" custom_padding=\"0px|0px|50px|0px|false|false\"][et_pb_row _builder_version=\"4.6.5\" width=\"100%\" max_width=\"2560px\" min_height=\"160px\" custom_margin=\"-1px|auto||auto|false|false\" custom_padding=\"0px|0px|0px|0px|false|false\"][et_pb_column type=\"4_4\" _builder_version=\"4.4.2\"][et_pb_text _builder_version=\"4.6.5\" min_height=\"114px\" custom_margin=\"0px||0px||false|false\" custom_padding=\"50px||0px||false|false\"]<\/p><h1 class=\"p1\" style=\"text-align: center;\">Fonctionnement<\/h1><p>[\/et_pb_text][et_pb_image src=\"http:\/\/aldaeuf.cluster030.hosting.ovh.net\/wp-content\/uploads\/2020\/10\/Organigramme-simplifie\u0301-pour-site-web-1.jpg\" title_text=\"Organigramme simplifie\u0301 pour site web (1)\" _builder_version=\"4.6.5\" _module_preset=\"default\"][\/et_pb_image][\/et_pb_column][\/et_pb_row][\/et_pb_section]<\/p>","_et_gb_content_width":""},"_links":{"self":[{"href":"https:\/\/www.alda.eus\/eu\/wp-json\/wp\/v2\/pages\/550"}],"collection":[{"href":"https:\/\/www.alda.eus\/eu\/wp-json\/wp\/v2\/pages"}],"about":[{"href":"https:\/\/www.alda.eus\/eu\/wp-json\/wp\/v2\/types\/page"}],"author":[{"embeddable":true,"href":"https:\/\/www.alda.eus\/eu\/wp-json\/wp\/v2\/users\/1"}],"replies":[{"embeddable":true,"href":"https:\/\/www.alda.eus\/eu\/wp-json\/wp\/v2\/comments?post=550"}],"version-history":[{"count":24,"href":"https:\/\/www.alda.eus\/eu\/wp-json\/wp\/v2\/pages\/550\/revisions"}],"predecessor-version":[{"id":13066,"href":"https:\/\/www.alda.eus\/eu\/wp-json\/wp\/v2\/pages\/550\/revisions\/13066"}],"wp:attachment":[{"href":"https:\/\/www.alda.eus\/eu\/wp-json\/wp\/v2\/media?parent=550"}],"curies":[{"name":"wp","href":"https:\/\/api.w.org\/{rel}","templated":true}]}}