{"id":12563,"date":"2025-07-13T16:32:36","date_gmt":"2025-07-13T14:32:36","guid":{"rendered":"https:\/\/www.alda.eus\/?page_id=12563"},"modified":"2025-09-24T16:42:29","modified_gmt":"2025-09-24T14:42:29","slug":"auzolan-2025","status":"publish","type":"page","link":"https:\/\/www.alda.eus\/eu\/auzolan-2025\/","title":{"rendered":"Auzolan 2025"},"content":{"rendered":"<p>[et_pb_section fb_built=&#8221;1&#8243; fullwidth=&#8221;on&#8221; _builder_version=&#8221;4.6.5&#8243; _module_preset=&#8221;default&#8221;][et_pb_fullwidth_image src=&#8221;https:\/\/www.alda.eus\/wp-content\/uploads\/2025\/08\/en-tete-AUZOLAN-2025-eus-2.jpg&#8221; title_text=&#8221;en tete AUZOLAN 2025 eus 2&#8243; _builder_version=&#8221;4.6.5&#8243; _module_preset=&#8221;default&#8221; animation_style=&#8221;slide&#8221;][\/et_pb_fullwidth_image][\/et_pb_section][et_pb_section fb_built=&#8221;1&#8243; _builder_version=&#8221;4.6.5&#8243; _module_preset=&#8221;default&#8221; custom_padding=&#8221;33px||0px|||&#8221;][et_pb_row column_structure=&#8221;1_5,1_5,1_5,1_5,1_5&#8243; _builder_version=&#8221;4.6.5&#8243; _module_preset=&#8221;default&#8221; background_color=&#8221;#ededed&#8221; min_height=&#8221;63.8px&#8221; custom_margin=&#8221;-28px|auto|-8px|auto||&#8221; custom_padding=&#8221;13px||0px|||&#8221;][et_pb_column type=&#8221;1_5&#8243; _builder_version=&#8221;4.6.5&#8243; _module_preset=&#8221;default&#8221;][et_pb_button button_url=&#8221;https:\/\/www.alda.eus\/eu\/auzolan-programa-osoa\/&#8221; button_text=&#8221;Programa osoa&#8221; button_alignment=&#8221;center&#8221; _builder_version=&#8221;4.6.5&#8243; _module_preset=&#8221;default&#8221; custom_button=&#8221;on&#8221; button_text_size=&#8221;10px&#8221;][\/et_pb_button][\/et_pb_column][et_pb_column type=&#8221;1_5&#8243; _builder_version=&#8221;4.6.5&#8243; _module_preset=&#8221;default&#8221;][et_pb_button button_url=&#8221;https:\/\/www.alda.eus\/eu\/auzolan-hitzaldiak\/&#8221; button_text=&#8221;Hitzaldiak&#8221; button_alignment=&#8221;center&#8221; _builder_version=&#8221;4.6.5&#8243; _module_preset=&#8221;default&#8221; custom_button=&#8221;on&#8221; button_text_size=&#8221;10px&#8221;][\/et_pb_button][\/et_pb_column][et_pb_column type=&#8221;1_5&#8243; _builder_version=&#8221;4.6.5&#8243; _module_preset=&#8221;default&#8221;][et_pb_button button_url=&#8221;https:\/\/www.alda.eus\/eu\/auzolan-kontzetuak\/&#8221; button_text=&#8221;Kontzertuak&#8221; button_alignment=&#8221;center&#8221; _builder_version=&#8221;4.6.5&#8243; _module_preset=&#8221;default&#8221; custom_button=&#8221;on&#8221; button_text_size=&#8221;10px&#8221;][\/et_pb_button][\/et_pb_column][et_pb_column type=&#8221;1_5&#8243; _builder_version=&#8221;4.6.5&#8243; _module_preset=&#8221;default&#8221;][et_pb_button button_url=&#8221;https:\/\/www.alda.eus\/eu\/auzolan-argibide-baliagarriak\/&#8221; button_text=&#8221;Argibide Baliagarriak&#8221; button_alignment=&#8221;center&#8221; _builder_version=&#8221;4.6.5&#8243; _module_preset=&#8221;default&#8221; custom_button=&#8221;on&#8221; button_text_size=&#8221;10px&#8221;][\/et_pb_button][\/et_pb_column][et_pb_column type=&#8221;1_5&#8243; _builder_version=&#8221;4.6.5&#8243; _module_preset=&#8221;default&#8221;][et_pb_button button_url=&#8221;https:\/\/docs.google.com\/forms\/d\/e\/1FAIpQLSc2Trxn8Afev9mxvCE7_Ovh1nacXDxWuF97qxBfEYXNt0azzw\/viewform&#8221; url_new_window=&#8221;on&#8221; button_text=&#8221;Laguntzaile izan&#8221; button_alignment=&#8221;center&#8221; _builder_version=&#8221;4.6.5&#8243; _module_preset=&#8221;default&#8221; custom_button=&#8221;on&#8221; button_text_size=&#8221;10px&#8221;][\/et_pb_button][\/et_pb_column][\/et_pb_row][\/et_pb_section][et_pb_section fb_built=&#8221;1&#8243; admin_label=&#8221;Section&#8221; _builder_version=&#8221;4.6.5&#8243; _module_preset=&#8221;default&#8221; background_color=&#8221;#ffffff&#8221; background_enable_image=&#8221;off&#8221; parallax=&#8221;on&#8221; custom_padding=&#8221;0px||0px||true|false&#8221; animation_style=&#8221;slide&#8221; animation_starting_opacity=&#8221;5%&#8221; collapsed=&#8221;off&#8221;][et_pb_row make_equal=&#8221;on&#8221; _builder_version=&#8221;4.6.5&#8243; _module_preset=&#8221;default&#8221; module_alignment=&#8221;center&#8221; min_height=&#8221;142.9px&#8221; custom_padding=&#8221;17px||28px|||&#8221;][et_pb_column type=&#8221;4_4&#8243; _builder_version=&#8221;4.6.5&#8243; _module_preset=&#8221;default&#8221; background_color=&#8221;rgba(0,0,0,0)&#8221;][et_pb_text _builder_version=&#8221;4.6.5&#8243; _module_preset=&#8221;default&#8221;]<\/p>\n<p>2025eko urriaren 10ean (ostiral arratsa) eta 11n (larunbata), Baionan (Patxa plazan eta inguruko karriketan), Aldak hitzordua ematen dizu <b>Auzolan \u2013 Etxebizitzarako Eskubidearen Egunaren<\/b> bigarren edizioan. Hitzaldiak, herri-bazkaria, kultura-ekitaldiak, kontzertuak\u2026 eta beste sorpresa anitz! Sartzea urririk.<\/p>\n<p>Gomita zabal ezazu, asteburua atxik eta ekitaldiaren facebooka parteka: <a href='https:\/\/www.facebook.com\/events\/1481087169537748' class='small-button smallred' target=\"_blank\">Ev\u00e9nement facebook Auzolan 2025<\/a><\/p>\n<p>[\/et_pb_text][\/et_pb_column][\/et_pb_row][et_pb_row _builder_version=&#8221;4.6.5&#8243; _module_preset=&#8221;default&#8221; min_height=&#8221;345.3px&#8221; custom_margin=&#8221;-29px|auto||auto||&#8221; custom_padding=&#8221;||0px|||&#8221; collapsed=&#8221;off&#8221;][et_pb_column type=&#8221;4_4&#8243; _builder_version=&#8221;4.6.5&#8243; _module_preset=&#8221;default&#8221;][et_pb_image src=&#8221;https:\/\/www.alda.eus\/wp-content\/uploads\/2025\/07\/plan-prog-Auzolan-2025-V3.jpg&#8221; title_text=&#8221;plan prog Auzolan 2025-V3&#8243; admin_label=&#8221;Image&#8221; _builder_version=&#8221;4.6.5&#8243; _module_preset=&#8221;default&#8221;][\/et_pb_image][\/et_pb_column][\/et_pb_row][et_pb_row column_structure=&#8221;1_3,1_3,1_3&#8243; _builder_version=&#8221;4.6.5&#8243; _module_preset=&#8221;default&#8221; custom_margin=&#8221;-25px|auto||auto||&#8221;][et_pb_column type=&#8221;1_3&#8243; _builder_version=&#8221;4.6.5&#8243; _module_preset=&#8221;default&#8221;][et_pb_button button_url=&#8221;https:\/\/www.alda.eus\/eu\/auzolan-programa-osoa\/&#8221; button_text=&#8221;ANIMAZIOAK&#8221; button_alignment=&#8221;center&#8221; button_text_tablet=&#8221;&#8221; button_text_phone=&#8221;&#8221; button_text_last_edited=&#8221;on|desktop&#8221; _builder_version=&#8221;4.6.5&#8243; _module_preset=&#8221;default&#8221; custom_button=&#8221;on&#8221; button_text_color=&#8221;#ffffff&#8221; button_bg_color=&#8221;#e73635&#8243; button_border_width=&#8221;2px&#8221; button_border_color=&#8221;#e73635&#8243; button_icon=&#8221;%%180%%&#8221; button_icon_color=&#8221;#ffffff&#8221; background_layout=&#8221;dark&#8221; button_bg_color__hover_enabled=&#8221;on|desktop&#8221;][\/et_pb_button][\/et_pb_column][et_pb_column type=&#8221;1_3&#8243; _builder_version=&#8221;4.6.5&#8243; _module_preset=&#8221;default&#8221;][et_pb_button button_url=&#8221;https:\/\/www.alda.eus\/eu\/auzolan-kontzetuak\/&#8221; button_text=&#8221;KONTZERTUAK&#8221; button_alignment=&#8221;center&#8221; button_text_tablet=&#8221;&#8221; button_text_phone=&#8221;&#8221; button_text_last_edited=&#8221;on|desktop&#8221; _builder_version=&#8221;4.6.5&#8243; _module_preset=&#8221;default&#8221; custom_button=&#8221;on&#8221; button_text_color=&#8221;#ffffff&#8221; button_bg_color=&#8221;#e73635&#8243; button_border_width=&#8221;2px&#8221; button_border_color=&#8221;#e73635&#8243; button_icon=&#8221;%%180%%&#8221; button_icon_color=&#8221;#ffffff&#8221; background_layout=&#8221;dark&#8221; button_bg_color__hover_enabled=&#8221;on|desktop&#8221;][\/et_pb_button][\/et_pb_column][et_pb_column type=&#8221;1_3&#8243; _builder_version=&#8221;4.6.5&#8243; _module_preset=&#8221;default&#8221;][et_pb_button button_url=&#8221;https:\/\/www.alda.eus\/eu\/auzolan-hitzaldiak\/&#8221; button_text=&#8221;HITZALDIAK&#8221; button_alignment=&#8221;center&#8221; button_text_tablet=&#8221;&#8221; button_text_phone=&#8221;&#8221; button_text_last_edited=&#8221;on|desktop&#8221; _builder_version=&#8221;4.6.5&#8243; _module_preset=&#8221;default&#8221; custom_button=&#8221;on&#8221; button_text_color=&#8221;#ffffff&#8221; button_bg_color=&#8221;#e73635&#8243; button_border_width=&#8221;2px&#8221; button_border_color=&#8221;#e73635&#8243; button_icon=&#8221;%%180%%&#8221; button_icon_color=&#8221;#ffffff&#8221; background_layout=&#8221;dark&#8221; button_bg_color__hover_enabled=&#8221;on|desktop&#8221;][\/et_pb_button][\/et_pb_column][\/et_pb_row][et_pb_row column_structure=&#8221;1_2,1_2&#8243; _builder_version=&#8221;4.6.5&#8243; _module_preset=&#8221;default&#8221; custom_margin=&#8221;-24px|auto||auto||&#8221; custom_padding=&#8221;6px|||||&#8221;][et_pb_column type=&#8221;1_2&#8243; _builder_version=&#8221;4.6.5&#8243; _module_preset=&#8221;default&#8221;][et_pb_text _builder_version=&#8221;4.6.5&#8243; _module_preset=&#8221;default&#8221;]<\/p>\n<p><img class=\"wp-image-12864 aligncenter size-large\" src=\"https:\/\/www.alda.eus\/wp-content\/uploads\/2025\/07\/Itziar-Ituno-Auzolan-2025-819x1024.jpg\" alt=\"\" width=\"819\" height=\"1024\" \/><\/p>\n<p>[\/et_pb_text][\/et_pb_column][et_pb_column type=&#8221;1_2&#8243; _builder_version=&#8221;4.6.5&#8243; _module_preset=&#8221;default&#8221;][et_pb_text _builder_version=&#8221;4.6.5&#8243; _module_preset=&#8221;default&#8221;]<\/p>\n<p><img class=\"wp-image-13599 aligncenter size-large\" src=\"https:\/\/www.alda.eus\/wp-content\/uploads\/2025\/09\/Cecile-Duflot-Auzolan-euskara-819x1024.jpg\" alt=\"\" width=\"819\" height=\"1024\" \/><\/p>\n<p>[\/et_pb_text][\/et_pb_column][\/et_pb_row][\/et_pb_section][et_pb_section fb_built=&#8221;1&#8243; admin_label=&#8221;Section&#8221; _builder_version=&#8221;4.6.5&#8243; _module_preset=&#8221;default&#8221; background_color=&#8221;#e73635&#8243; background_image=&#8221;https:\/\/www.alda.eus\/wp-content\/uploads\/2025\/06\/inscription-benevole-auzolan-2025.jpg&#8221; parallax=&#8221;on&#8221; custom_padding=&#8221;120px||120px||true|&#8221; animation_style=&#8221;slide&#8221; animation_starting_opacity=&#8221;5%&#8221; collapsed=&#8221;off&#8221;][et_pb_row _builder_version=&#8221;4.6.5&#8243; _module_preset=&#8221;default&#8221; background_color=&#8221;#e73635&#8243; background_enable_image=&#8221;off&#8221; animation_style=&#8221;slide&#8221;][et_pb_column type=&#8221;4_4&#8243; _builder_version=&#8221;4.6.5&#8243; _module_preset=&#8221;default&#8221; background_color=&#8221;#e73635&#8243;][et_pb_text disabled_on=&#8221;off|off|off&#8221; _builder_version=&#8221;4.6.5&#8243; _module_preset=&#8221;default&#8221; header_text_align=&#8221;center&#8221; header_text_color=&#8221;#ffffff&#8221; header_font_size=&#8221;40px&#8221; background_color=&#8221;#e73635&#8243; width=&#8221;100%&#8221; custom_padding=&#8221;11px|20px||20px|false|true&#8221; header_font_size_tablet=&#8221;&#8221; header_font_size_phone=&#8221;30px&#8221; header_font_size_last_edited=&#8221;on|desktop&#8221;]<\/p>\n<h1><b>LAGUNTZAILE IZAN !<\/b><\/h1>\n<p>[\/et_pb_text][et_pb_cta title=&#8221;INTERESATUA ZARA ? MOTIBATUA ?&#8221; button_url=&#8221;https:\/\/bit.ly\/auzolan-2025-benevoles-luguntzaile&#8221; _builder_version=&#8221;4.6.5&#8243; _module_preset=&#8221;default&#8221;]<\/p>\n<div class=\"x14z9mp xat24cr x1lziwak x1vvkbs xtlvy1s x126k92a\">\u00a0<\/div>\n<div class=\"x14z9mp xat24cr x1lziwak x1vvkbs xtlvy1s x126k92a\">\n<div dir=\"auto\">\n<p>Bigarren edizio historiko honen prestaketa lanetan parte hartu nahi duzu? Hitzaldien antolaketan, ostatuan, apairu guneetan, taloetan, kontzertuetan, logistikan,\u00a0 haurren xokoan, apainketan\u2026\u00a0 Dudarik gabe dagokizun misio bat aurkituko duzu!\u00a0\u00a0<\/p>\n<p>Bakarrik edo lagunekin, gaitasun\u00a0 berezirik izan gabe, abenturaren parte izan nahi baduzu\u2026 oraindanik izena eman dezakezu laguntzaile izateko, ondoko orria osatuz:<\/p>\n<\/div>\n<\/div>\n<p>[\/et_pb_cta][et_pb_button button_url=&#8221;https:\/\/bit.ly\/auzolan-2025-benevoles-laguntzaile2&#8243; url_new_window=&#8221;on&#8221; button_text=&#8221;Laguntzaile izateko izena ematen dut&#8221; button_alignment=&#8221;center&#8221; _builder_version=&#8221;4.6.5&#8243; _module_preset=&#8221;default&#8221; custom_button=&#8221;on&#8221; button_text_color=&#8221;#e73635&#8243; button_bg_color=&#8221;#ffffff&#8221; button_border_color=&#8221;#ffffff&#8221; button_border_radius=&#8221;24px&#8221; button_icon=&#8221;%%180%%&#8221; button_icon_color=&#8221;#e73635&#8243;][\/et_pb_button][\/et_pb_column][\/et_pb_row][\/et_pb_section][et_pb_section fb_built=&#8221;1&#8243; admin_label=&#8221;Section &#8211; Header&#8221; _builder_version=&#8221;4.6.5&#8243; _module_preset=&#8221;default&#8221; collapsed=&#8221;off&#8221;][et_pb_row _builder_version=&#8221;4.6.5&#8243; _module_preset=&#8221;default&#8221; collapsed=&#8221;off&#8221;][et_pb_column type=&#8221;4_4&#8243; _builder_version=&#8221;4.6.5&#8243; _module_preset=&#8221;default&#8221;][et_pb_text admin_label=&#8221;Texte&#8221; _builder_version=&#8221;4.6.5&#8243; _module_preset=&#8221;default&#8221; link_font=&#8221;|600|||||||&#8221; ul_font=&#8221;Titillium Web||||||||&#8221; ul_font_size=&#8221;16px&#8221; ol_font=&#8221;Titillium Web||||||||&#8221; ol_font_size=&#8221;16px&#8221;]<\/p>\n<h1>Gure berriak<\/h1>\n<p>[\/et_pb_text][et_pb_blog fullwidth=&#8221;off&#8221; posts_number=&#8221;3&#8243; include_categories=&#8221;all&#8221; show_author=&#8221;off&#8221; _builder_version=&#8221;4.6.5&#8243; _module_preset=&#8221;default&#8221;][\/et_pb_blog][\/et_pb_column][\/et_pb_row][\/et_pb_section][et_pb_section fb_built=&#8221;1&#8243; disabled_on=&#8221;off|off|off&#8221; admin_label=&#8221;Section blanc &#8211; NEWSLETTER&#8221; _builder_version=&#8221;4.6.5&#8243; min_height=&#8221;139px&#8221; custom_margin=&#8221;|0px||0px|false|false&#8221; custom_padding=&#8221;0px|0px|50px|0px|false|false&#8221; collapsed=&#8221;off&#8221;][et_pb_row column_structure=&#8221;1_4,1_2,1_4&#8243; _builder_version=&#8221;4.6.5&#8243; width=&#8221;100%&#8221; max_width=&#8221;2560px&#8221; min_height=&#8221;160px&#8221; custom_margin=&#8221;-1px|auto||auto|false|false&#8221; custom_padding=&#8221;0px|0px|0px|0px|false|false&#8221;][et_pb_column type=&#8221;1_4&#8243; _builder_version=&#8221;4.4.2&#8243;][\/et_pb_column][et_pb_column type=&#8221;1_2&#8243; _builder_version=&#8221;4.4.2&#8243;][et_pb_text _builder_version=&#8221;4.6.5&#8243; min_height=&#8221;114px&#8221; custom_margin=&#8221;0px||0px||false|false&#8221; custom_padding=&#8221;50px||0px||false|false&#8221;]<\/p>\n<h1 class=\"p1\">Berripaperari harpidetzen naiz<\/h1>\n<p style=\"text-align: center;\">                    <script type=\"text\/javascript\">\n                        var onloadSibCallback = function () {\n                            jQuery('.g-recaptcha').each(function (index, el) {\n                                grecaptcha.render(el, {\n                                    'sitekey': jQuery(el).attr('data-sitekey')\n                                });\n                            });\n                        };\n                    <\/script>\n\t\t\t\t\t                <script src=\"https:\/\/www.google.com\/recaptcha\/api.js?onload=onloadSibCallback&render=explicit\" async defer><\/script>\n\t\t\t\t\n\t\t\t<form id=\"sib_signup_form_4\" method=\"post\" class=\"sib_signup_form\">\n\t\t\t\t<div class=\"sib_loader\" style=\"display:none;\"><img\n\t\t\t\t\t\t\tsrc=\"https:\/\/www.alda.eus\/wp-includes\/images\/spinner.gif\" alt=\"loader\"><\/div>\n\t\t\t\t<input type=\"hidden\" name=\"sib_form_action\" value=\"subscribe_form_submit\">\n\t\t\t\t<input type=\"hidden\" name=\"sib_form_id\" value=\"4\">\n                <input type=\"hidden\" name=\"sib_form_alert_notice\" value=\"Remplissez ce champ s\u2019il vous pla\u00eet\">\n                <input type=\"hidden\" name=\"sib_form_invalid_email_notice\" value=\"Cette adresse email n\\\\\\\\\\\\\\\\\\\\\\\\\\\\\\\\\\\\\\\\\\\\\\\\\\\\\\\\\\\\\\\\\\\\\\\\\\\\\\\\\\\\\\\\\\\\\\\\\\\\\\\\\\\\\\\\\\\\\\\\\\\\\\\\\\\\\\\\\\\\\\\\\\\\\\\\\\\\\\\\\\\\\\\\\\\\\\\\\\\\\\\\\\\\\\\\\\\\\\\\\\\\\\\\\\\\\\\\\\\\\\\\\\\\\\\\\\\\\\\\\\\\\\\\\\\\\\\\\\\\\\\\\\\\\\\\\\\\\\\\\\\\\\\\\\\\\\\\\\\\\\\\\\\\\\\\\\\\\\\\\\\\\\\\\\\\\\\\\\\\\\\\\\\\\\\\\\\\\\\\\\\\\\\\\\\\\\\\\\\\\\\\\\\\\\\\\\\\\\\\\\\\\\\\\\\\\\\\\\\\\\\\\\\\\\\\\\\\\\\\\\\\\\\\\\\\\\\\\\\\\\\\\\\\\">\n                <input type=\"hidden\" name=\"sib_security\" value=\"15fdc2fbd3\">\n\t\t\t\t<div class=\"sib_signup_box_inside_4\">\n\t\t\t\t\t<div style=\"\/*display:none*\/\" class=\"sib_msg_disp\">\n\t\t\t\t\t<\/div>\n                    \t\t\t\t\t<p class=\"sib-NOM-area\"> \r\n    <label class=\"sib-NOM-area\">Deitura*<\/label> \r\n    <input type=\"text\" class=\"sib-NOM-area\" name=\"NOM\" required=\"required\"> \r\n<\/p>\r\n\r\n<p class=\"sib-PRENOM-area\"> \r\n    <label class=\"sib-PRENOM-area\">Izena*<\/label> \r\n    <input type=\"text\" class=\"sib-PRENOM-area\" name=\"PRENOM\" required=\"required\"> \r\n<\/p>\r\n\r\n<p class=\"sib-email-area\">\r\n    <label class=\"sib-email-area\">Emaila*<\/label>\r\n    <input type=\"email\" class=\"sib-email-area\" name=\"email\" required=\"required\">\r\n<\/p>\r\n<div id=\"sib_captcha\" class=\"g-recaptcha\" data-sitekey=\"6LcR1-0kAAAAAK8TpDRItMdb0i5xZL-3V0Iok5bW\"><\/div>\r\n\r\n<p>\r\n    <input type=\"submit\" class=\"sib-default-btn\" value=\"Harpidetzen naiz\">\r\n<\/p>\t\t\t\t<\/div>\n\t\t\t<\/form>\n\t\t\t<style>\n\t\t\t\tform#sib_signup_form_4 { padding: 5px; -moz-box-sizing:border-box; -webkit-box-sizing: border-box; box-sizing: border-box; } form#sib_signup_form_4 input[type=text],form#sib_signup_form_4 input[type=email], form#sib_signup_form_4 select { width: 100%; border: 1px solid #bbb; height: auto; margin: 5px 0 0 0; } form#sib_signup_form_4 .sib-default-btn { margin: 5px 0; padding: 6px 12px; color:#fff; background-color: #333; border-color: #2E2E2E; font-size: 14px; font-weight:400; line-height: 1.4285; text-align: center; cursor: pointer; vertical-align: middle; -webkit-user-select:none; -moz-user-select:none; -ms-user-select:none; user-select:none; white-space: normal; border:1px solid transparent; border-radius: 3px; } form#sib_signup_form_4 .sib-default-btn:hover { background-color: #444; } form#sib_signup_form_4 p{ margin: 10px 0 0 0; } form#sib_signup_form_4 label.sib-NOM-area, label.sib-PRENOM-area { font-family:\\\\\\\\\\\\\\&#039;Raleway\\\\\\\\\\\\\\&#039;,Helvetica,Arial,Lucida,sans-serif; color:black; font-weight:700; }form#sib_signup_form_4 p.sib-alert-message {\n    padding: 6px 12px;\n    margin-bottom: 20px;\n    border: 1px solid transparent;\n    border-radius: 4px;\n    -webkit-box-sizing: border-box;\n    -moz-box-sizing: border-box;\n    box-sizing: border-box;\n}\nform#sib_signup_form_4 p.sib-alert-message-error {\n    background-color: #f2dede;\n    border-color: #ebccd1;\n    color: #a94442;\n}\nform#sib_signup_form_4 p.sib-alert-message-success {\n    background-color: #dff0d8;\n    border-color: #d6e9c6;\n    color: #3c763d;\n}\nform#sib_signup_form_4 p.sib-alert-message-warning {\n    background-color: #fcf8e3;\n    border-color: #faebcc;\n    color: #8a6d3b;\n}\n\t\t\t<\/style>\n\t\t\t<\/p>\n<p>[\/et_pb_text][\/et_pb_column][et_pb_column type=&#8221;1_4&#8243; _builder_version=&#8221;4.4.2&#8243;][\/et_pb_column][\/et_pb_row][\/et_pb_section]<\/p>\n","protected":false},"excerpt":{"rendered":"<p>[et_pb_section fb_built=&#8221;1&#8243; fullwidth=&#8221;on&#8221; _builder_version=&#8221;4.6.5&#8243; _module_preset=&#8221;default&#8221;][et_pb_fullwidth_image src=&#8221;https:\/\/www.alda.eus\/wp-content\/uploads\/2025\/08\/en-tete-AUZOLAN-2025-eus-2.jpg&#8221; title_text=&#8221;en tete AUZOLAN 2025 eus 2&#8243; _builder_version=&#8221;4.6.5&#8243; _module_preset=&#8221;default&#8221; animation_style=&#8221;slide&#8221;][\/et_pb_fullwidth_image][\/et_pb_section][et_pb_section fb_built=&#8221;1&#8243; _builder_version=&#8221;4.6.5&#8243; _module_preset=&#8221;default&#8221; custom_padding=&#8221;33px||0px|||&#8221;][et_pb_row column_structure=&#8221;1_5,1_5,1_5,1_5,1_5&#8243; _builder_version=&#8221;4.6.5&#8243; _module_preset=&#8221;default&#8221; background_color=&#8221;#ededed&#8221; min_height=&#8221;63.8px&#8221; custom_margin=&#8221;-28px|auto|-8px|auto||&#8221; custom_padding=&#8221;13px||0px|||&#8221;][et_pb_column type=&#8221;1_5&#8243; _builder_version=&#8221;4.6.5&#8243; _module_preset=&#8221;default&#8221;][et_pb_button button_url=&#8221;https:\/\/www.alda.eus\/eu\/auzolan-programa-osoa\/&#8221; button_text=&#8221;Programa osoa&#8221; button_alignment=&#8221;center&#8221; _builder_version=&#8221;4.6.5&#8243; _module_preset=&#8221;default&#8221; custom_button=&#8221;on&#8221; button_text_size=&#8221;10px&#8221;][\/et_pb_button][\/et_pb_column][et_pb_column type=&#8221;1_5&#8243; _builder_version=&#8221;4.6.5&#8243; _module_preset=&#8221;default&#8221;][et_pb_button button_url=&#8221;https:\/\/www.alda.eus\/eu\/auzolan-hitzaldiak\/&#8221; button_text=&#8221;Hitzaldiak&#8221; button_alignment=&#8221;center&#8221; _builder_version=&#8221;4.6.5&#8243; _module_preset=&#8221;default&#8221; custom_button=&#8221;on&#8221; button_text_size=&#8221;10px&#8221;][\/et_pb_button][\/et_pb_column][et_pb_column type=&#8221;1_5&#8243; _builder_version=&#8221;4.6.5&#8243; _module_preset=&#8221;default&#8221;][et_pb_button button_url=&#8221;https:\/\/www.alda.eus\/eu\/auzolan-kontzetuak\/&#8221; button_text=&#8221;Kontzertuak&#8221; button_alignment=&#8221;center&#8221; _builder_version=&#8221;4.6.5&#8243; _module_preset=&#8221;default&#8221; [&hellip;]<\/p>\n","protected":false},"author":14,"featured_media":0,"parent":0,"menu_order":0,"comment_status":"closed","ping_status":"closed","template":"","meta":{"_et_pb_use_builder":"on","_et_pb_old_content":"<p>[et_pb_section fb_built=\"1\" _builder_version=\"4.6.5\" _module_preset=\"default\" background_image=\"https:\/\/www.alda.eus\/wp-content\/uploads\/2025\/03\/auzolan.jpg\" parallax=\"on\" custom_padding=\"120px||120px||true|\" animation_style=\"slide\" animation_starting_opacity=\"5%\" collapsed=\"off\"][et_pb_row column_structure=\"1_2,1_2\" _builder_version=\"4.6.5\" _module_preset=\"default\"][et_pb_column type=\"1_2\" _builder_version=\"4.6.5\" _module_preset=\"default\"][et_pb_text disabled_on=\"off|off|off\" _builder_version=\"4.6.5\" _module_preset=\"default\" header_text_align=\"center\" header_text_color=\"#ffffff\" header_font_size=\"40px\" background_color=\"#e73635\" custom_padding=\"11px|20px||20px|false|true\" header_font_size_tablet=\"\" header_font_size_phone=\"30px\" header_font_size_last_edited=\"on|desktop\"]<\/p><h1>Auzolan - Journ\u00e9e du droit au logement<\/h1><p>[\/et_pb_text][\/et_pb_column][et_pb_column type=\"1_2\" _builder_version=\"4.6.5\" _module_preset=\"default\"][\/et_pb_column][\/et_pb_row][\/et_pb_section][et_pb_section fb_built=\"1\" admin_label=\"Section\" _builder_version=\"4.6.5\" _module_preset=\"default\" background_color=\"#ffffff\" background_enable_image=\"off\" parallax=\"on\" custom_padding=\"120px||120px||true|\" animation_style=\"slide\" animation_starting_opacity=\"5%\" collapsed=\"off\"][et_pb_row _builder_version=\"4.6.5\" _module_preset=\"default\"][et_pb_column type=\"4_4\" _builder_version=\"4.6.5\" _module_preset=\"default\"][et_pb_text admin_label=\"Texte\" _builder_version=\"4.6.5\" _module_preset=\"default\" text_text_color=\"#000000\" ol_font=\"Titillium Web||||||||\" ol_font_size=\"16px\"]<\/p><h4>\u00c0 vos agendas !<\/h4><p>Le <strong>vendredi 10 au soir et le samedi 11 octobre 2025, \u00e0 Bayonne<\/strong>, Alda vous donne rendez-vous pour la 2\u00e8me \u00e9dition d\u2019Auzolan - La journ\u00e9e du droit au logement. Conf\u00e9rences, repas populaire, animations culturelles, concerts\u2026 et plein d\u2019autres surprises ! Faites passer le mot, r\u00e9servez votre week-end et\u00a0<span style=\"font-weight: 400;\">n'h\u00e9sitez pas \u00e0 partager l\u2019\u00e9v\u00e9nement facebook de la journ\u00e9e : <a href=\"https:\/\/bit.ly\/auzolan-journeedudroitaulogement-2025\">https:\/\/bit.ly\/auzolan-journeedudroitaulogement-2025<\/a>.<\/span><\/p><p>[\/et_pb_text][\/et_pb_column][\/et_pb_row][et_pb_row column_structure=\"1_2,1_2\" _builder_version=\"4.6.5\" _module_preset=\"default\" collapsed=\"off\"][et_pb_column type=\"1_2\" _builder_version=\"4.6.5\" _module_preset=\"default\"][et_pb_image src=\"https:\/\/www.alda.eus\/wp-content\/uploads\/2025\/07\/AUZOLAN-2025-prog-FR.jpg\" title_text=\"AUZOLAN 2025 prog FR\" admin_label=\"Image\" _builder_version=\"4.6.5\" _module_preset=\"default\"][\/et_pb_image][\/et_pb_column][et_pb_column type=\"1_2\" _builder_version=\"4.6.5\" _module_preset=\"default\"][et_pb_slider _builder_version=\"4.6.5\" _module_preset=\"default\" background_color=\"#e73635\" width=\"100%\" height=\"788px\" max_height=\"720px\" animation_style=\"slide\" border_color_all=\"#ffffff\"][et_pb_slide image=\"https:\/\/www.alda.eus\/wp-content\/uploads\/2025\/07\/Auzolan-2025-Itziar-Ituno-marraine.jpg\" _builder_version=\"4.6.5\" _module_preset=\"default\" sticky_transition=\"on\"][\/et_pb_slide][\/et_pb_slider][\/et_pb_column][\/et_pb_row][et_pb_row column_structure=\"1_3,1_3,1_3\" _builder_version=\"4.6.5\" _module_preset=\"default\"][et_pb_column type=\"1_3\" _builder_version=\"4.6.5\" _module_preset=\"default\"][et_pb_button button_text=\"ANIMATIONS\" button_text_tablet=\"\" button_text_phone=\"\" button_text_last_edited=\"on|desktop\" _builder_version=\"4.6.5\" _module_preset=\"default\" custom_button=\"on\" button_text_color=\"#ffffff\" button_bg_color=\"#e73635\" button_border_width=\"2px\" button_border_color=\"#e73635\" button_icon=\"%%180%%\" button_icon_color=\"#ffffff\" background_layout=\"dark\" button_bg_color__hover_enabled=\"on|desktop\"][\/et_pb_button][et_pb_text _builder_version=\"4.6.5\" _module_preset=\"default\"]<\/p><ul><li class=\"cvGsUA direction-ltr align-end para-style-body\"><span class=\"OYPEnA font-feature-liga-off font-feature-clig-off font-feature-calt-off text-decoration-none text-strikethrough-none\">Vide-grenier<\/span><\/li><li class=\"cvGsUA direction-ltr align-end para-style-body\">Animations de rue (spectacles, cirque, etc.)<\/li><li class=\"cvGsUA direction-ltr align-end para-style-body\">Concours de cuisine<\/li><li>Espace enfants<\/li><li>Village associatif<\/li><\/ul><p>[\/et_pb_text][\/et_pb_column][et_pb_column type=\"1_3\" _builder_version=\"4.6.5\" _module_preset=\"default\"][et_pb_button button_text=\"CONCERTS\" button_text_tablet=\"\" button_text_phone=\"\" button_text_last_edited=\"on|desktop\" _builder_version=\"4.6.5\" _module_preset=\"default\" custom_button=\"on\" button_text_color=\"#ffffff\" button_bg_color=\"#e73635\" button_border_width=\"2px\" button_border_color=\"#e73635\" button_icon=\"%%180%%\" button_icon_color=\"#ffffff\" background_layout=\"dark\" button_bg_color__hover_enabled=\"on|desktop\"][\/et_pb_button][et_pb_text _builder_version=\"4.6.5\" _module_preset=\"default\"]<\/p><ul><li class=\"cvGsUA direction-ltr align-end para-style-body\"><span class=\"OYPEnA font-feature-liga-off font-feature-clig-off font-feature-calt-off text-decoration-none text-strikethrough-none\">Zea Mays<\/span><\/li><li class=\"cvGsUA direction-ltr align-end para-style-body\"><span class=\"OYPEnA font-feature-liga-off font-feature-clig-off font-feature-calt-off text-decoration-none text-strikethrough-none\">Tapia eta Leturia<\/span><\/li><li class=\"cvGsUA direction-ltr align-end para-style-body\"><span class=\"OYPEnA font-feature-liga-off font-feature-clig-off font-feature-calt-off text-decoration-none text-strikethrough-none\">Bacano Banda<\/span><\/li><\/ul><p>[\/et_pb_text][\/et_pb_column][et_pb_column type=\"1_3\" _builder_version=\"4.6.5\" _module_preset=\"default\"][et_pb_button button_text=\"CONFERENCES\" button_text_tablet=\"\" button_text_phone=\"\" button_text_last_edited=\"on|desktop\" _builder_version=\"4.6.5\" _module_preset=\"default\" custom_button=\"on\" button_text_color=\"#ffffff\" button_bg_color=\"#e73635\" button_border_width=\"2px\" button_border_color=\"#e73635\" button_icon=\"%%180%%\" button_icon_color=\"#ffffff\" background_layout=\"dark\" button_bg_color__hover_enabled=\"on|desktop\"][\/et_pb_button][et_pb_text admin_label=\"Texte\" _builder_version=\"4.6.5\" _module_preset=\"default\"]<\/p><ul><li class=\"cvGsUA direction-ltr align-end para-style-body\"><p class=\"cvGsUA direction-ltr align-center para-style-body\"><span class=\"OYPEnA font-feature-liga-off font-feature-clig-off font-feature-calt-off text-decoration-none text-strikethrough-none\">Logement : quels d\u00e9fis <\/span><span class=\"OYPEnA font-feature-liga-off font-feature-clig-off font-feature-calt-off text-decoration-none text-strikethrough-none\">pour les municipales ?<\/span><\/p><\/li><li class=\"cvGsUA direction-ltr align-end para-style-body\"><p class=\"cvGsUA direction-ltr align-center para-style-body\"><span class=\"OYPEnA font-feature-liga-off font-feature-clig-off font-feature-calt-off text-decoration-none text-strikethrough-none\">Loyers : plafonn\u00e9s un jour, plafonn\u00e9s toujours ?<\/span><\/p><\/li><li class=\"cvGsUA direction-ltr align-end para-style-body\"><p class=\"cvGsUA direction-ltr align-center para-style-body\"><span class=\"OYPEnA font-feature-liga-off font-feature-clig-off font-feature-calt-off text-decoration-none text-strikethrough-none\">Luttes logement en Europe<\/span><\/p><\/li><\/ul><p>[\/et_pb_text][\/et_pb_column][\/et_pb_row][\/et_pb_section][et_pb_section fb_built=\"1\" admin_label=\"Section\" _builder_version=\"4.6.5\" _module_preset=\"default\" background_color=\"#e73635\" background_image=\"https:\/\/www.alda.eus\/wp-content\/uploads\/2025\/06\/inscription-benevole-auzolan-2025.jpg\" parallax=\"on\" custom_padding=\"120px||120px||true|\" animation_style=\"slide\" animation_starting_opacity=\"5%\" collapsed=\"off\"][et_pb_row _builder_version=\"4.6.5\" _module_preset=\"default\" background_color=\"#e73635\" background_enable_image=\"off\" animation_style=\"slide\"][et_pb_column type=\"4_4\" _builder_version=\"4.6.5\" _module_preset=\"default\" background_color=\"#e73635\"][et_pb_text disabled_on=\"off|off|off\" _builder_version=\"4.6.5\" _module_preset=\"default\" header_text_align=\"center\" header_text_color=\"#ffffff\" header_font_size=\"40px\" background_color=\"#e73635\" width=\"100%\" custom_padding=\"11px|20px||20px|false|true\" header_font_size_tablet=\"\" header_font_size_phone=\"30px\" header_font_size_last_edited=\"on|desktop\"]<\/p><h1>Rejoins l'\u00e9quipe des b\u00e9n\u00e9voles\u00a0<\/h1><p>[\/et_pb_text][et_pb_cta title=\"Int\u00e9r\u00e9ss\u00e9 ? Motiv\u00e9 ? \" _builder_version=\"4.6.5\" _module_preset=\"default\"]<\/p><p><span class=\"x193iq5w xeuugli x13faqbe x1vvkbs x1xmvt09 x1lliihq x1s928wv xhkezso x1gmr53x x1cpjm7i x1fgarty x1943h6x xudqn12 x3x7a5m x6prxxf xvq8zen xo1l8bm xzsf02u x1yc453h\" dir=\"auto\">Envie de donner un coup de main \u00e0 la pr\u00e9paration de cette 2\u00e8me \u00e9dition qui s\u2019annonce m\u00e9morable ? Organisation des conf\u00e9rences, bar, restauration, talo, concerts, logistique, espaces enfants, d\u00e9coration\u2026 Il y a forc\u00e9ment une mission pour vous ! <\/span><\/p><p><span class=\"x193iq5w xeuugli x13faqbe x1vvkbs x1xmvt09 x1lliihq x1s928wv xhkezso x1gmr53x x1cpjm7i x1fgarty x1943h6x xudqn12 x3x7a5m x6prxxf xvq8zen xo1l8bm xzsf02u x1yc453h\" dir=\"auto\">Seul ou avec des amis, que tu aies des comp\u00e9tences sp\u00e9cifiques ou juste l\u2019envie de faire partie de l\u2019aventure\u2026 Tu peux d'ores et d\u00e9j\u00e0 t\u2019inscrire pour \u00eatre b\u00e9n\u00e9vole !! Il suffit de remplir <span class=\"html-span xdj266r x14z9mp xat24cr x1lziwak xexx8yu xyri2b x18d9i69 x1c1uobl x1hl2dhg x16tdsg8 x1vvkbs\"><a class=\"x1i10hfl xjbqb8w x1ejq31n x18oe1m7 x1sy0etr xstzfhl x972fbf x10w94by x1qhh985 x14e42zd x9f619 x1ypdohk xt0psk2 xe8uvvx xdj266r x14z9mp xat24cr x1lziwak xexx8yu xyri2b x18d9i69 x1c1uobl x16tdsg8 x1hl2dhg xggy1nq x1a2a7pz xkrqix3 x1sur9pj x1fey0fg x1s688f\" href=\"https:\/\/bit.ly\/auzolan-2025-benevoles-luguntzaile\" target=\"_blank\" rel=\"noreferrer noopener\">ce petit formulaire<\/a><\/span><\/span><\/p><p>[\/et_pb_cta][et_pb_button button_url=\"https:\/\/bit.ly\/auzolan-2025-benevoles-luguntzaile\" button_text=\"Je m'inscris comme b\u00e9n\u00e9vole\" button_alignment=\"center\" _builder_version=\"4.6.5\" _module_preset=\"default\" custom_button=\"on\" button_text_color=\"#e73635\" button_bg_color=\"#ffffff\" button_border_color=\"#ffffff\" button_border_radius=\"24px\" button_icon=\"%%180%%\" button_icon_color=\"#e73635\"][\/et_pb_button][\/et_pb_column][\/et_pb_row][\/et_pb_section][et_pb_section fb_built=\"1\" admin_label=\"Section - Header\" _builder_version=\"4.6.5\" _module_preset=\"default\" collapsed=\"off\"][et_pb_row _builder_version=\"4.6.5\" _module_preset=\"default\" collapsed=\"off\"][et_pb_column type=\"4_4\" _builder_version=\"4.6.5\" _module_preset=\"default\"][et_pb_text admin_label=\"Texte\" _builder_version=\"4.6.5\" _module_preset=\"default\" link_font=\"|600|||||||\" ul_font=\"Titillium Web||||||||\" ul_font_size=\"16px\" ol_font=\"Titillium Web||||||||\" ol_font_size=\"16px\"]<\/p><h2>Actualit\u00e9s<\/h2><p>[\/et_pb_text][et_pb_blog fullwidth=\"off\" posts_number=\"3\" include_categories=\"60\" show_author=\"off\" _builder_version=\"4.6.5\" _module_preset=\"default\"][\/et_pb_blog][\/et_pb_column][\/et_pb_row][\/et_pb_section][et_pb_section fb_built=\"1\" disabled_on=\"off|off|off\" admin_label=\"Section blanc - NEWSLETTER\" _builder_version=\"4.6.5\" min_height=\"139px\" custom_margin=\"|0px||0px|false|false\" custom_padding=\"0px|0px|50px|0px|false|false\" collapsed=\"on\"][et_pb_row column_structure=\"1_4,1_2,1_4\" _builder_version=\"4.6.5\" width=\"100%\" max_width=\"2560px\" min_height=\"160px\" custom_margin=\"-1px|auto||auto|false|false\" custom_padding=\"0px|0px|0px|0px|false|false\"][et_pb_column type=\"1_4\" _builder_version=\"4.4.2\"][\/et_pb_column][et_pb_column type=\"1_2\" _builder_version=\"4.4.2\"][et_pb_text _builder_version=\"4.6.5\" min_height=\"114px\" custom_margin=\"0px||0px||false|false\" custom_padding=\"50px||0px||false|false\"]<\/p><h1 class=\"p1\" style=\"text-align: center;\">Je re\u00e7ois les infos d'Alda<\/h1><p style=\"text-align: center;\">[sibwp_form id=2]<\/p><p>[\/et_pb_text][\/et_pb_column][et_pb_column type=\"1_4\" _builder_version=\"4.4.2\"][\/et_pb_column][\/et_pb_row][\/et_pb_section]<\/p>","_et_gb_content_width":""},"_links":{"self":[{"href":"https:\/\/www.alda.eus\/eu\/wp-json\/wp\/v2\/pages\/12563"}],"collection":[{"href":"https:\/\/www.alda.eus\/eu\/wp-json\/wp\/v2\/pages"}],"about":[{"href":"https:\/\/www.alda.eus\/eu\/wp-json\/wp\/v2\/types\/page"}],"author":[{"embeddable":true,"href":"https:\/\/www.alda.eus\/eu\/wp-json\/wp\/v2\/users\/14"}],"replies":[{"embeddable":true,"href":"https:\/\/www.alda.eus\/eu\/wp-json\/wp\/v2\/comments?post=12563"}],"version-history":[{"count":56,"href":"https:\/\/www.alda.eus\/eu\/wp-json\/wp\/v2\/pages\/12563\/revisions"}],"predecessor-version":[{"id":13797,"href":"https:\/\/www.alda.eus\/eu\/wp-json\/wp\/v2\/pages\/12563\/revisions\/13797"}],"wp:attachment":[{"href":"https:\/\/www.alda.eus\/eu\/wp-json\/wp\/v2\/media?parent=12563"}],"curies":[{"name":"wp","href":"https:\/\/api.w.org\/{rel}","templated":true}]}}